{"id":118076,"date":"2023-08-23T16:07:08","date_gmt":"2023-08-23T14:07:08","guid":{"rendered":"https:\/\/www.logisticsautomationmadrid.com\/?post_type=activity&#038;p=118076"},"modified":"2023-11-22T16:24:02","modified_gmt":"2023-11-22T15:24:02","slug":"presentacion-del-vi-estudio-sobre-software-de-movilidaden-las-empresas-de-logistica","status":"publish","type":"activity","link":"https:\/\/www.logisticsautomationmadrid.com\/es\/session\/presentacion-del-vi-estudio-sobre-software-de-movilidaden-las-empresas-de-logistica\/","title":{"rendered":"Presentaci\u00f3n del VI Estudio sobre Software de Movilidaden las Empresas de Log\u00edstica"},"content":{"rendered":"\n<p>En esta sesi\u00f3n se presentar\u00e1n de manera oficial los resultados de la nueva edici\u00f3n del observatorio sobre<br>la utilizaci\u00f3n de Software de Gesti\u00f3n de Flotas, Trazabilidad de Cargas y Entregas, y Optimizaci\u00f3n de Rutas en las empresas del sector log\u00edstico. Este estudio ha sido elaborado por CITET y SoftDoIt.<\/p>\n","protected":false},"excerpt":{"rendered":"<p>En esta sesi\u00f3n se presentar\u00e1n de manera oficial los resultados de la nueva edici\u00f3n del observatorio sobre la utilizaci\u00f3n de Software de Gesti\u00f3n de Flotas, Trazabilidad de Cargas y Entregas, y Optimizaci\u00f3n de Rutas en las empresas del sector log\u00edstico. Este estudio ha sido elaborado por CITET y SoftDoIt.<\/p>\n","protected":false},"featured_media":0,"template":"","meta":{"_seopress_robots_primary_cat":"","_seopress_titles_title":"Presentaci\u00f3n del VI Estudio sobre Software de Movilidad en las Empresas de Log\u00edstica","_seopress_titles_desc":"En esta sesi\u00f3n se presentar\u00e1n de manera oficial los resultados de la nueva edici\u00f3n del observatorio sobre\r\n la utilizaci\u00f3n de Software de Gesti\u00f3n de Flotas, Trazabilidad de Cargas y Entregas, y Optimizaci\u00f3n de Rutas\r\n en las empresas del sector log\u00edstico. Este estudio ha sido elaborado por CITET y SoftDoIt.","_seopress_robots_index":"","_activity_time_start":"17:15","_activity_time_end":"17:45","_activity_date":"2023-11-30","_activity_price":"0","footnotes":""},"edition":[2237],"location":[2273],"track":[],"activity_type":[2278],"class_list":["post-118076","activity","type-activity","status-publish","hentry","edition-congreso-logistics-autoamtion-23","location-sala-siemens-23","activity_type-dia-30"],"_guests":[{"href":"https:\/\/www.logisticsautomationmadrid.com\/es\/wp-json\/wp\/v2\/guest\/125885"},{"href":"https:\/\/www.logisticsautomationmadrid.com\/es\/wp-json\/wp\/v2\/guest\/125880"},{"href":"https:\/\/www.logisticsautomationmadrid.com\/es\/wp-json\/wp\/v2\/guest\/118004"}],"_sponsors":[],"_cover_image":null,"_links":{"self":[{"href":"https:\/\/www.logisticsautomationmadrid.com\/es\/wp-json\/wp\/v2\/activity\/118076","targetHints":{"allow":["GET"]}}],"collection":[{"href":"https:\/\/www.logisticsautomationmadrid.com\/es\/wp-json\/wp\/v2\/activity"}],"about":[{"href":"https:\/\/www.logisticsautomationmadrid.com\/es\/wp-json\/wp\/v2\/types\/activity"}],"version-history":[{"count":3,"href":"https:\/\/www.logisticsautomationmadrid.com\/es\/wp-json\/wp\/v2\/activity\/118076\/revisions"}],"predecessor-version":[{"id":118080,"href":"https:\/\/www.logisticsautomationmadrid.com\/es\/wp-json\/wp\/v2\/activity\/118076\/revisions\/118080"}],"wp:attachment":[{"href":"https:\/\/www.logisticsautomationmadrid.com\/es\/wp-json\/wp\/v2\/media?parent=118076"}],"wp:term":[{"taxonomy":"edition","embeddable":true,"href":"https:\/\/www.logisticsautomationmadrid.com\/es\/wp-json\/wp\/v2\/edition?post=118076"},{"taxonomy":"location","embeddable":true,"href":"https:\/\/www.logisticsautomationmadrid.com\/es\/wp-json\/wp\/v2\/location?post=118076"},{"taxonomy":"track","embeddable":true,"href":"https:\/\/www.logisticsautomationmadrid.com\/es\/wp-json\/wp\/v2\/track?post=118076"},{"taxonomy":"activity_type","embeddable":true,"href":"https:\/\/www.logisticsautomationmadrid.com\/es\/wp-json\/wp\/v2\/activity_type?post=118076"}],"curies":[{"name":"wp","href":"https:\/\/api.w.org\/{rel}","templated":true}]}}