{"id":3172,"date":"2020-02-20T15:48:50","date_gmt":"2020-02-20T14:48:50","guid":{"rendered":"https:\/\/www.logisticsautomationmadrid.com\/?page_id=3172"},"modified":"2026-02-11T13:38:02","modified_gmt":"2026-02-11T12:38:02","slug":"notas-de-prensa","status":"publish","type":"page","link":"https:\/\/www.logisticsautomationmadrid.com\/es\/content-365\/notas-de-prensa\/","title":{"rendered":"Notas de prensa"},"content":{"rendered":"\t\t<div data-elementor-type=\"wp-page\" data-elementor-id=\"3172\" class=\"elementor elementor-3172\" data-elementor-post-type=\"page\">\n\t\t\t\t\t\t<section class=\"elementor-section elementor-top-section elementor-element elementor-element-4d3414a elementor-section-boxed elementor-section-height-default elementor-section-height-default\" data-id=\"4d3414a\" data-element_type=\"section\" data-settings=\"{&quot;background_background&quot;:&quot;classic&quot;}\">\n\t\t\t\t\t\t\t<div class=\"elementor-background-overlay\"><\/div>\n\t\t\t\t\t\t\t<div class=\"elementor-container elementor-column-gap-default\">\n\t\t\t\t\t<div class=\"elementor-column elementor-col-100 elementor-top-column elementor-element elementor-element-3532b5d3\" data-id=\"3532b5d3\" data-element_type=\"column\">\n\t\t\t<div class=\"elementor-widget-wrap elementor-element-populated\">\n\t\t\t\t\t\t<div class=\"elementor-element elementor-element-785fda6 elementor-widget elementor-widget-heading\" data-id=\"785fda6\" data-element_type=\"widget\" data-widget_type=\"heading.default\">\n\t\t\t\t<div class=\"elementor-widget-container\">\n\t\t\t\t\t<h1 class=\"elementor-heading-title elementor-size-default\">Notas de prensa<\/h1>\t\t\t\t<\/div>\n\t\t\t\t<\/div>\n\t\t\t\t<section class=\"elementor-section elementor-inner-section elementor-element elementor-element-b67346 elementor-section-boxed elementor-section-height-default elementor-section-height-default\" data-id=\"b67346\" data-element_type=\"section\" data-settings=\"{&quot;background_background&quot;:&quot;classic&quot;}\">\n\t\t\t\t\t\t<div class=\"elementor-container elementor-column-gap-default\">\n\t\t\t\t\t<div class=\"elementor-column elementor-col-100 elementor-inner-column elementor-element elementor-element-64a8580d\" data-id=\"64a8580d\" data-element_type=\"column\" data-settings=\"{&quot;background_background&quot;:&quot;classic&quot;}\">\n\t\t\t<div class=\"elementor-widget-wrap elementor-element-populated\">\n\t\t\t\t\t\t<div class=\"elementor-element elementor-element-55a0c743 elementor-widget elementor-widget-text-editor\" data-id=\"55a0c743\" data-element_type=\"widget\" data-widget_type=\"text-editor.default\">\n\t\t\t\t<div class=\"elementor-widget-container\">\n\t\t\t\t\t\t\t\t\t<p>A continuaci\u00f3n encontrar\u00e1s todas las notas de prensa del evento.<\/p>\t\t\t\t\t\t\t\t<\/div>\n\t\t\t\t<\/div>\n\t\t\t\t\t<\/div>\n\t\t<\/div>\n\t\t\t\t\t<\/div>\n\t\t<\/section>\n\t\t\t\t\t<\/div>\n\t\t<\/div>\n\t\t\t\t\t<\/div>\n\t\t<\/section>\n\t\t\t\t<section class=\"elementor-section elementor-top-section elementor-element elementor-element-2c8cf372 elementor-section-boxed elementor-section-height-default elementor-section-height-default\" data-id=\"2c8cf372\" data-element_type=\"section\" data-settings=\"{&quot;background_background&quot;:&quot;classic&quot;}\">\n\t\t\t\t\t\t\t<div class=\"elementor-background-overlay\"><\/div>\n\t\t\t\t\t\t\t<div class=\"elementor-container elementor-column-gap-default\">\n\t\t\t\t\t<div class=\"elementor-column elementor-col-100 elementor-top-column elementor-element elementor-element-39eb752d\" data-id=\"39eb752d\" data-element_type=\"column\">\n\t\t\t<div class=\"elementor-widget-wrap elementor-element-populated\">\n\t\t\t\t\t\t<section class=\"elementor-section elementor-inner-section elementor-element elementor-element-41c48b6 elementor-section-boxed elementor-section-height-default elementor-section-height-default elementor-invisible\" data-id=\"41c48b6\" data-element_type=\"section\" data-settings=\"{&quot;animation&quot;:&quot;slideInRight&quot;}\">\n\t\t\t\t\t\t<div class=\"elementor-container elementor-column-gap-default\">\n\t\t\t\t\t<div class=\"elementor-column elementor-col-100 elementor-inner-column elementor-element elementor-element-b1cb7b9\" data-id=\"b1cb7b9\" data-element_type=\"column\">\n\t\t\t<div class=\"elementor-widget-wrap elementor-element-populated\">\n\t\t\t\t\t\t<div class=\"elementor-element elementor-element-1fc7e05 elementor-widget elementor-widget-spacer\" data-id=\"1fc7e05\" data-element_type=\"widget\" data-widget_type=\"spacer.default\">\n\t\t\t\t<div class=\"elementor-widget-container\">\n\t\t\t\t\t\t\t<div class=\"elementor-spacer\">\n\t\t\t<div class=\"elementor-spacer-inner\"><\/div>\n\t\t<\/div>\n\t\t\t\t\t\t<\/div>\n\t\t\t\t<\/div>\n\t\t\t\t<div class=\"elementor-element elementor-element-5ee63b2a elementor-posts--align-left elementor-grid-tablet-1 elementor-grid-2 elementor-grid-mobile-1 elementor-posts--thumbnail-top elementor-posts__hover-gradient elementor-widget elementor-widget-posts\" data-id=\"5ee63b2a\" data-element_type=\"widget\" data-settings=\"{&quot;cards_row_gap&quot;:{&quot;unit&quot;:&quot;px&quot;,&quot;size&quot;:&quot;30&quot;,&quot;sizes&quot;:[]},&quot;cards_columns_tablet&quot;:&quot;1&quot;,&quot;cards_columns&quot;:&quot;2&quot;,&quot;cards_columns_mobile&quot;:&quot;1&quot;,&quot;cards_row_gap_tablet&quot;:{&quot;unit&quot;:&quot;px&quot;,&quot;size&quot;:&quot;&quot;,&quot;sizes&quot;:[]},&quot;cards_row_gap_mobile&quot;:{&quot;unit&quot;:&quot;px&quot;,&quot;size&quot;:&quot;&quot;,&quot;sizes&quot;:[]}}\" data-widget_type=\"posts.cards\">\n\t\t\t\t<div class=\"elementor-widget-container\">\n\t\t\t\t\t\t\t<div class=\"elementor-posts-container elementor-posts elementor-posts--skin-cards elementor-grid\" role=\"list\">\n\t\t\t\t<article class=\"elementor-post elementor-grid-item post-209478 post type-post status-publish format-standard has-post-thumbnail hentry category-blog category-notas-de-prensa tag-2992 tag-afe tag-asamblea-anual tag-espana tag-ferias\" role=\"listitem\">\n\t\t\t<div class=\"elementor-post__card\">\n\t\t\t\t<a class=\"elementor-post__thumbnail__link\" href=\"https:\/\/www.logisticsautomationmadrid.com\/es\/2026\/01\/23\/la-afe-aprueba-sus-cuentas-y-memoria-en-su-asamblea-anual-vaticinando-un-fantastico-ejercicio-2026-para-el-sector-ferial-espanol\/\" tabindex=\"-1\" ><div class=\"elementor-post__thumbnail\"><img fetchpriority=\"high\" decoding=\"async\" width=\"1920\" height=\"1440\" src=\"https:\/\/easyfairsassets.com\/sites\/84\/2026\/01\/Asamblea-General-AFE-2026-1.jpeg\" class=\"attachment-full size-full wp-image-209484\" alt=\"Asamblea General AFE 2026 (1)\" srcset=\"https:\/\/easyfairsassets.com\/sites\/84\/2026\/01\/Asamblea-General-AFE-2026-1.jpeg 1920w, https:\/\/easyfairsassets.com\/sites\/84\/2026\/01\/Asamblea-General-AFE-2026-1-300x225.jpeg 300w, https:\/\/easyfairsassets.com\/sites\/84\/2026\/01\/Asamblea-General-AFE-2026-1-1024x768.jpeg 1024w, https:\/\/easyfairsassets.com\/sites\/84\/2026\/01\/Asamblea-General-AFE-2026-1-768x576.jpeg 768w, https:\/\/easyfairsassets.com\/sites\/84\/2026\/01\/Asamblea-General-AFE-2026-1-1536x1152.jpeg 1536w\" sizes=\"(max-width: 1920px) 100vw, 1920px\" \/><\/div><\/a>\n\t\t\t\t<div class=\"elementor-post__text\">\n\t\t\t\t<h3 class=\"elementor-post__title\">\n\t\t\t<a href=\"https:\/\/www.logisticsautomationmadrid.com\/es\/2026\/01\/23\/la-afe-aprueba-sus-cuentas-y-memoria-en-su-asamblea-anual-vaticinando-un-fantastico-ejercicio-2026-para-el-sector-ferial-espanol\/\" >\n\t\t\t\tLa AFE aprueba sus cuentas y memoria en su Asamblea anual vaticinando un fant\u00e1stico ejercicio 2026 para el sector ferial espa\u00f1ol\t\t\t<\/a>\n\t\t<\/h3>\n\t\t\t\t<div class=\"elementor-post__excerpt\">\n\t\t\t<p>La AFE ha aprobado las cuentas y memoria anuales, el presupuesto y actividades previstas para 2026y ha ratificado la adhesi\u00f3n de nueve nuevos socios La<\/p>\n\t\t<\/div>\n\t\t\n\t\t<a class=\"elementor-post__read-more\" href=\"https:\/\/www.logisticsautomationmadrid.com\/es\/2026\/01\/23\/la-afe-aprueba-sus-cuentas-y-memoria-en-su-asamblea-anual-vaticinando-un-fantastico-ejercicio-2026-para-el-sector-ferial-espanol\/\" aria-label=\"Read more about La AFE aprueba sus cuentas y memoria en su Asamblea anual vaticinando un fant\u00e1stico ejercicio 2026 para el sector ferial espa\u00f1ol\" tabindex=\"-1\" >\n\t\t\tLeer m\u00e1s &gt;\t\t<\/a>\n\n\t\t\t\t<\/div>\n\t\t\t\t<div class=\"elementor-post__meta-data\">\n\t\t\t\t\t<span class=\"elementor-post-date\">\n\t\t\tenero 23, 2026\t\t<\/span>\n\t\t\t\t<\/div>\n\t\t\t\t\t<\/div>\n\t\t<\/article>\n\t\t\t\t<article class=\"elementor-post elementor-grid-item post-206557 post type-post status-publish format-standard hentry category-notas-de-prensa tag-edicion-2025 tag-esg tag-ferias tag-logistics-automation tag-marcas tag-ponentes\" role=\"listitem\">\n\t\t\t<div class=\"elementor-post__card\">\n\t\t\t\t<div class=\"elementor-post__text\">\n\t\t\t\t<h3 class=\"elementor-post__title\">\n\t\t\t<a href=\"https:\/\/www.logisticsautomationmadrid.com\/es\/2025\/10\/22\/el-concurso-de-carretilleros-y-marcas-corona-a-su-tricampeon\/\" >\n\t\t\t\tEl Concurso de Carretilleros y Marcas corona a su tricampe\u00f3n\t\t\t<\/a>\n\t\t<\/h3>\n\t\t\t\t<div class=\"elementor-post__excerpt\">\n\t\t\t<p>Sergio Clavero, a bordo de una carretilla elevadora Mitsubishi Edia 16 de tres ruedas, cedida por el distribuidor Ficara, ha sido el ganador del VII<\/p>\n\t\t<\/div>\n\t\t\n\t\t<a class=\"elementor-post__read-more\" href=\"https:\/\/www.logisticsautomationmadrid.com\/es\/2025\/10\/22\/el-concurso-de-carretilleros-y-marcas-corona-a-su-tricampeon\/\" aria-label=\"Read more about El Concurso de Carretilleros y Marcas corona a su tricampe\u00f3n\" tabindex=\"-1\" >\n\t\t\tLeer m\u00e1s &gt;\t\t<\/a>\n\n\t\t\t\t<\/div>\n\t\t\t\t<div class=\"elementor-post__meta-data\">\n\t\t\t\t\t<span class=\"elementor-post-date\">\n\t\t\toctubre 22, 2025\t\t<\/span>\n\t\t\t\t<\/div>\n\t\t\t\t\t<\/div>\n\t\t<\/article>\n\t\t\t\t<article class=\"elementor-post elementor-grid-item post-206301 post type-post status-publish format-standard hentry category-notas-de-prensa tag-edicion-2025 tag-esg tag-ferias tag-logistics-automation tag-marcas tag-ponentes\" role=\"listitem\">\n\t\t\t<div class=\"elementor-post__card\">\n\t\t\t\t<div class=\"elementor-post__text\">\n\t\t\t\t<h3 class=\"elementor-post__title\">\n\t\t\t<a href=\"https:\/\/www.logisticsautomationmadrid.com\/es\/2025\/10\/20\/empack-logistics-automation-y-logistics-industrial-build-reciben-a-12-200-visitantes-unicos-en-una-edicion-de-record\/\" >\n\t\t\t\tEmpack, Logistics &amp; Automation y Logistic &amp; Industrial Build reciben a 12.200 visitantes \u00fanicos en una edici\u00f3n de r\u00e9cord\t\t\t<\/a>\n\t\t<\/h3>\n\t\t\t\t<div class=\"elementor-post__excerpt\">\n\t\t\t<p>Las tres ferias, celebradas en IFEMA, han terminado con \u00e9xito su edici\u00f3n 2025 con cifras de r\u00e9cord, con la participaci\u00f3n de 426 empresas expositoras, la<\/p>\n\t\t<\/div>\n\t\t\n\t\t<a class=\"elementor-post__read-more\" href=\"https:\/\/www.logisticsautomationmadrid.com\/es\/2025\/10\/20\/empack-logistics-automation-y-logistics-industrial-build-reciben-a-12-200-visitantes-unicos-en-una-edicion-de-record\/\" aria-label=\"Read more about Empack, Logistics &amp; Automation y Logistic &amp; Industrial Build reciben a 12.200 visitantes \u00fanicos en una edici\u00f3n de r\u00e9cord\" tabindex=\"-1\" >\n\t\t\tLeer m\u00e1s &gt;\t\t<\/a>\n\n\t\t\t\t<\/div>\n\t\t\t\t<div class=\"elementor-post__meta-data\">\n\t\t\t\t\t<span class=\"elementor-post-date\">\n\t\t\toctubre 20, 2025\t\t<\/span>\n\t\t\t\t<\/div>\n\t\t\t\t\t<\/div>\n\t\t<\/article>\n\t\t\t\t<article class=\"elementor-post elementor-grid-item post-205173 post type-post status-publish format-standard hentry category-notas-de-prensa tag-congreso tag-edicion-2025 tag-esg tag-ferias tag-logistics-automation tag-marcas tag-ponentes\" role=\"listitem\">\n\t\t\t<div class=\"elementor-post__card\">\n\t\t\t\t<div class=\"elementor-post__text\">\n\t\t\t\t<h3 class=\"elementor-post__title\">\n\t\t\t<a href=\"https:\/\/www.logisticsautomationmadrid.com\/es\/2025\/09\/17\/empack-logistics-automation-y-lib-2025-presentan-un-congreso-lleno-de-innovacion-grandes-expertos-y-oportunidades-de-negocio\/\" >\n\t\t\t\tEmpack, Logistics &#038; Automation y LIB 2025 presentan un congreso lleno de innovaci\u00f3n, grandes expertos y oportunidades de negocio\t\t\t<\/a>\n\t\t<\/h3>\n\t\t\t\t<div class=\"elementor-post__excerpt\">\n\t\t\t<p>Los pabellones 8 y 10 de IFEMA acoger\u00e1n estos eventos profesionales, organizados por Easyfairs, los pr\u00f3ximos 15 y 16 de octubre SAP, Telef\u00f3nica, Metro Madrid,<\/p>\n\t\t<\/div>\n\t\t\n\t\t<a class=\"elementor-post__read-more\" href=\"https:\/\/www.logisticsautomationmadrid.com\/es\/2025\/09\/17\/empack-logistics-automation-y-lib-2025-presentan-un-congreso-lleno-de-innovacion-grandes-expertos-y-oportunidades-de-negocio\/\" aria-label=\"Read more about Empack, Logistics &#038; Automation y LIB 2025 presentan un congreso lleno de innovaci\u00f3n, grandes expertos y oportunidades de negocio\" tabindex=\"-1\" >\n\t\t\tLeer m\u00e1s &gt;\t\t<\/a>\n\n\t\t\t\t<\/div>\n\t\t\t\t<div class=\"elementor-post__meta-data\">\n\t\t\t\t\t<span class=\"elementor-post-date\">\n\t\t\tseptiembre 17, 2025\t\t<\/span>\n\t\t\t\t<\/div>\n\t\t\t\t\t<\/div>\n\t\t<\/article>\n\t\t\t\t<article class=\"elementor-post elementor-grid-item post-194452 post type-post status-publish format-standard hentry category-notas-de-prensa tag-edicion-2025 tag-esg tag-expositores tag-ferias tag-logistics-automation tag-novedades\" role=\"listitem\">\n\t\t\t<div class=\"elementor-post__card\">\n\t\t\t\t<div class=\"elementor-post__text\">\n\t\t\t\t<h3 class=\"elementor-post__title\">\n\t\t\t<a href=\"https:\/\/www.logisticsautomationmadrid.com\/es\/2025\/07\/08\/mas-de-80-nuevos-expositores-actividades-inmersivas-y-la-i-edicion-del-premio-al-compromiso-esg-entre-las-principales-novedades-de-su-edicion-2025\/\" >\n\t\t\t\tM\u00e1s de 80 nuevos expositores, actividades inmersivas y la I Edici\u00f3n del Premio al Compromiso ESG, entre las principales novedades de su edici\u00f3n 2025\t\t\t<\/a>\n\t\t<\/h3>\n\t\t\t\t<div class=\"elementor-post__excerpt\">\n\t\t\t<p>El Best ESG Exhibitor Initiative Award premiar\u00e1 en su primera edici\u00f3n a las mejores pr\u00e1cticas en sostenibilidad, impacto social y gobernanza. La incorporaci\u00f3n de zonas<\/p>\n\t\t<\/div>\n\t\t\n\t\t<a class=\"elementor-post__read-more\" href=\"https:\/\/www.logisticsautomationmadrid.com\/es\/2025\/07\/08\/mas-de-80-nuevos-expositores-actividades-inmersivas-y-la-i-edicion-del-premio-al-compromiso-esg-entre-las-principales-novedades-de-su-edicion-2025\/\" aria-label=\"Read more about M\u00e1s de 80 nuevos expositores, actividades inmersivas y la I Edici\u00f3n del Premio al Compromiso ESG, entre las principales novedades de su edici\u00f3n 2025\" tabindex=\"-1\" >\n\t\t\tLeer m\u00e1s &gt;\t\t<\/a>\n\n\t\t\t\t<\/div>\n\t\t\t\t<div class=\"elementor-post__meta-data\">\n\t\t\t\t\t<span class=\"elementor-post-date\">\n\t\t\tjulio 8, 2025\t\t<\/span>\n\t\t\t\t<\/div>\n\t\t\t\t\t<\/div>\n\t\t<\/article>\n\t\t\t\t<article class=\"elementor-post elementor-grid-item post-186649 post type-post status-publish format-standard hentry category-notas-de-prensa tag-logistics-automation tag-premios tag-uno\" role=\"listitem\">\n\t\t\t<div class=\"elementor-post__card\">\n\t\t\t\t<div class=\"elementor-post__text\">\n\t\t\t\t<h3 class=\"elementor-post__title\">\n\t\t\t<a href=\"https:\/\/www.logisticsautomationmadrid.com\/es\/2025\/06\/09\/logistics-automation-acogera-la-vi-edicion-de-los-premios-lideres-de-la-logistica-organizados-junto-a-uno\/\" >\n\t\t\t\tLOGISTICS &amp; AUTOMATION ACOGER\u00c1 LA VI EDICI\u00d3N DE LOS PREMIOS L\u00cdDERES DE LA LOG\u00cdSTICA, ORGANIZADOS JUNTO A UNO\t\t\t<\/a>\n\t\t<\/h3>\n\t\t\t\t<div class=\"elementor-post__excerpt\">\n\t\t\t<p>Las siete categor\u00edas de los premios destacan las dimensiones m\u00e1s relevantes del sector, poniendo en valor la capacidad transformadora e innovadora de la log\u00edstica, as\u00ed<\/p>\n\t\t<\/div>\n\t\t\n\t\t<a class=\"elementor-post__read-more\" href=\"https:\/\/www.logisticsautomationmadrid.com\/es\/2025\/06\/09\/logistics-automation-acogera-la-vi-edicion-de-los-premios-lideres-de-la-logistica-organizados-junto-a-uno\/\" aria-label=\"Read more about LOGISTICS &amp; AUTOMATION ACOGER\u00c1 LA VI EDICI\u00d3N DE LOS PREMIOS L\u00cdDERES DE LA LOG\u00cdSTICA, ORGANIZADOS JUNTO A UNO\" tabindex=\"-1\" >\n\t\t\tLeer m\u00e1s &gt;\t\t<\/a>\n\n\t\t\t\t<\/div>\n\t\t\t\t<div class=\"elementor-post__meta-data\">\n\t\t\t\t\t<span class=\"elementor-post-date\">\n\t\t\tjunio 9, 2025\t\t<\/span>\n\t\t\t\t<\/div>\n\t\t\t\t\t<\/div>\n\t\t<\/article>\n\t\t\t\t<article class=\"elementor-post elementor-grid-item post-185796 post type-post status-publish format-standard hentry category-notas-de-prensa tag-empack tag-lib tag-logistics-automation\" role=\"listitem\">\n\t\t\t<div class=\"elementor-post__card\">\n\t\t\t\t<div class=\"elementor-post__text\">\n\t\t\t\t<h3 class=\"elementor-post__title\">\n\t\t\t<a href=\"https:\/\/www.logisticsautomationmadrid.com\/es\/2025\/06\/04\/easyfairs-destaca-el-papel-de-las-ferias-como-motor-del-potencial-economico-e-industrial\/\" >\n\t\t\t\tEasyfairs destaca el papel de las ferias como motor del potencial econ\u00f3mico e industrial\t\t\t<\/a>\n\t\t<\/h3>\n\t\t\t\t<div class=\"elementor-post__excerpt\">\n\t\t\t<p>Hoy se celebra la 10\u00ba edici\u00f3n del Global Exhibitions Day que, bajo el lema \u00abLas ferias liberan el potencial\u00bb, pone en relevancia el papel de<\/p>\n\t\t<\/div>\n\t\t\n\t\t<a class=\"elementor-post__read-more\" href=\"https:\/\/www.logisticsautomationmadrid.com\/es\/2025\/06\/04\/easyfairs-destaca-el-papel-de-las-ferias-como-motor-del-potencial-economico-e-industrial\/\" aria-label=\"Read more about Easyfairs destaca el papel de las ferias como motor del potencial econ\u00f3mico e industrial\" tabindex=\"-1\" >\n\t\t\tLeer m\u00e1s &gt;\t\t<\/a>\n\n\t\t\t\t<\/div>\n\t\t\t\t<div class=\"elementor-post__meta-data\">\n\t\t\t\t\t<span class=\"elementor-post-date\">\n\t\t\tjunio 4, 2025\t\t<\/span>\n\t\t\t\t<\/div>\n\t\t\t\t\t<\/div>\n\t\t<\/article>\n\t\t\t\t<article class=\"elementor-post elementor-grid-item post-184658 post type-post status-publish format-standard hentry category-notas-de-prensa tag-empack tag-lib tag-logistics-automation\" role=\"listitem\">\n\t\t\t<div class=\"elementor-post__card\">\n\t\t\t\t<div class=\"elementor-post__text\">\n\t\t\t\t<h3 class=\"elementor-post__title\">\n\t\t\t<a href=\"https:\/\/www.logisticsautomationmadrid.com\/es\/2025\/05\/21\/empack-logistics-automation-y-logistic-industrial-build-abren-el-periodo-de-registro-consolidandose-como-encuentros-clave-y-continuando-su-crecimiento-ano-tras-ano\/\" >\n\t\t\t\tEmpack, Logistics &#038; Automation y Logistic &#038; Industrial Build abren el periodo de registro, consolid\u00e1ndose como encuentros clave y continuando su crecimiento a\u00f1o tras a\u00f1o\t\t\t<\/a>\n\t\t<\/h3>\n\t\t\t\t<div class=\"elementor-post__excerpt\">\n\t\t\t<p>Logistics &amp; Automation incorpora como novedad este a\u00f1o experiencias inmersivas y \u00e1reas dedicadas a la inteligencia artificial y la realidad virtual. En su segunda edici\u00f3n,<\/p>\n\t\t<\/div>\n\t\t\n\t\t<a class=\"elementor-post__read-more\" href=\"https:\/\/www.logisticsautomationmadrid.com\/es\/2025\/05\/21\/empack-logistics-automation-y-logistic-industrial-build-abren-el-periodo-de-registro-consolidandose-como-encuentros-clave-y-continuando-su-crecimiento-ano-tras-ano\/\" aria-label=\"Read more about Empack, Logistics &#038; Automation y Logistic &#038; Industrial Build abren el periodo de registro, consolid\u00e1ndose como encuentros clave y continuando su crecimiento a\u00f1o tras a\u00f1o\" tabindex=\"-1\" >\n\t\t\tLeer m\u00e1s &gt;\t\t<\/a>\n\n\t\t\t\t<\/div>\n\t\t\t\t<div class=\"elementor-post__meta-data\">\n\t\t\t\t\t<span class=\"elementor-post-date\">\n\t\t\tmayo 21, 2025\t\t<\/span>\n\t\t\t\t<\/div>\n\t\t\t\t\t<\/div>\n\t\t<\/article>\n\t\t\t\t<article class=\"elementor-post elementor-grid-item post-172717 post type-post status-publish format-standard hentry category-notas-de-prensa tag-empack tag-lib tag-logistics-automation\" role=\"listitem\">\n\t\t\t<div class=\"elementor-post__card\">\n\t\t\t\t<div class=\"elementor-post__text\">\n\t\t\t\t<h3 class=\"elementor-post__title\">\n\t\t\t<a href=\"https:\/\/www.logisticsautomationmadrid.com\/es\/2024\/12\/02\/mas-de-11-600-visitantes-unicos-en-la-edicion-2024-de-empack-logistics-automation-y-logistic-industrial-build\/\" >\n\t\t\t\tM\u00e1s de 11.600 visitantes \u00fanicos en la edici\u00f3n 2024 de Empack, Logistics &amp; Automation y Logistic &amp; Industrial Build\t\t\t<\/a>\n\t\t<\/h3>\n\t\t\t\t<div class=\"elementor-post__excerpt\">\n\t\t\t<p>\u2022 Con m\u00e1s de 400 empresas expositoras y 80 horas de contenido, las tres ferias han sido escenario de las \u00faltimas tendencias en packaging, log\u00edstica<\/p>\n\t\t<\/div>\n\t\t\n\t\t<a class=\"elementor-post__read-more\" href=\"https:\/\/www.logisticsautomationmadrid.com\/es\/2024\/12\/02\/mas-de-11-600-visitantes-unicos-en-la-edicion-2024-de-empack-logistics-automation-y-logistic-industrial-build\/\" aria-label=\"Read more about M\u00e1s de 11.600 visitantes \u00fanicos en la edici\u00f3n 2024 de Empack, Logistics &amp; Automation y Logistic &amp; Industrial Build\" tabindex=\"-1\" >\n\t\t\tLeer m\u00e1s &gt;\t\t<\/a>\n\n\t\t\t\t<\/div>\n\t\t\t\t<div class=\"elementor-post__meta-data\">\n\t\t\t\t\t<span class=\"elementor-post-date\">\n\t\t\tdiciembre 2, 2024\t\t<\/span>\n\t\t\t\t<\/div>\n\t\t\t\t\t<\/div>\n\t\t<\/article>\n\t\t\t\t<article class=\"elementor-post elementor-grid-item post-170756 post type-post status-publish format-standard hentry category-notas-de-prensa tag-empack tag-expertos tag-lib tag-logistics-automation tag-programa-conferencias\" role=\"listitem\">\n\t\t\t<div class=\"elementor-post__card\">\n\t\t\t\t<div class=\"elementor-post__text\">\n\t\t\t\t<h3 class=\"elementor-post__title\">\n\t\t\t<a href=\"https:\/\/www.logisticsautomationmadrid.com\/es\/2024\/11\/19\/mas-de-250-expertos-formaran-parte-del-programa-de-conferencias-de-empack-logistics-automation-y-logistic-industrial-build\/\" >\n\t\t\t\tM\u00e1s de 250 expertos formar\u00e1n parte del programa de conferencias de Empack, Logistics &amp; Automation y Logistic &amp; Industrial Build\u00a0\t\t\t<\/a>\n\t\t<\/h3>\n\t\t\t\t<div class=\"elementor-post__excerpt\">\n\t\t\t<p>Los d\u00edas 27 y 28 de noviembre, los asistentes a las ferias podr\u00e1n disfrutar de un extenso programa de ponencias y actividades, con JJ Delgado<\/p>\n\t\t<\/div>\n\t\t\n\t\t<a class=\"elementor-post__read-more\" href=\"https:\/\/www.logisticsautomationmadrid.com\/es\/2024\/11\/19\/mas-de-250-expertos-formaran-parte-del-programa-de-conferencias-de-empack-logistics-automation-y-logistic-industrial-build\/\" aria-label=\"Read more about M\u00e1s de 250 expertos formar\u00e1n parte del programa de conferencias de Empack, Logistics &amp; Automation y Logistic &amp; Industrial Build\u00a0\" tabindex=\"-1\" >\n\t\t\tLeer m\u00e1s &gt;\t\t<\/a>\n\n\t\t\t\t<\/div>\n\t\t\t\t<div class=\"elementor-post__meta-data\">\n\t\t\t\t\t<span class=\"elementor-post-date\">\n\t\t\tnoviembre 19, 2024\t\t<\/span>\n\t\t\t\t<\/div>\n\t\t\t\t\t<\/div>\n\t\t<\/article>\n\t\t\t\t<article class=\"elementor-post elementor-grid-item post-157502 post type-post status-publish format-standard hentry category-notas-de-prensa tag-companias tag-empack tag-estudio tag-implementacion tag-jornada tag-logistics-automation tag-reduccion\" role=\"listitem\">\n\t\t\t<div class=\"elementor-post__card\">\n\t\t\t\t<div class=\"elementor-post__text\">\n\t\t\t\t<h3 class=\"elementor-post__title\">\n\t\t\t<a href=\"https:\/\/www.logisticsautomationmadrid.com\/es\/2024\/10\/22\/j-j-delgado-y-leopoldo-torralba-encabezan-el-avance-del-programa-de-congresos-la-revolucion-de-la-ia-y-el-impacto-de-las-tendencias-economicas-protagonistas-en-empack-logistics-automation-y-log\/\" >\n\t\t\t\tJ. J. Delgado y Leopoldo Torralba encabezan el avance del programa de congresos. La revoluci\u00f3n de la IA y el impacto de las tendencias econ\u00f3micas, protagonistas en Empack, Logistics &#038; Automation y Logistic &#038; Industrial Build\t\t\t<\/a>\n\t\t<\/h3>\n\t\t\t\t<div class=\"elementor-post__excerpt\">\n\t\t\t<p>Estas ferias organizadas por Easyfairs reunir\u00e1n durante los d\u00edas 27 y 28 de noviembre a los principales agentes y expertos del sector del packaging, la<\/p>\n\t\t<\/div>\n\t\t\n\t\t<a class=\"elementor-post__read-more\" href=\"https:\/\/www.logisticsautomationmadrid.com\/es\/2024\/10\/22\/j-j-delgado-y-leopoldo-torralba-encabezan-el-avance-del-programa-de-congresos-la-revolucion-de-la-ia-y-el-impacto-de-las-tendencias-economicas-protagonistas-en-empack-logistics-automation-y-log\/\" aria-label=\"Read more about J. J. Delgado y Leopoldo Torralba encabezan el avance del programa de congresos. La revoluci\u00f3n de la IA y el impacto de las tendencias econ\u00f3micas, protagonistas en Empack, Logistics &#038; Automation y Logistic &#038; Industrial Build\" tabindex=\"-1\" >\n\t\t\tLeer m\u00e1s &gt;\t\t<\/a>\n\n\t\t\t\t<\/div>\n\t\t\t\t<div class=\"elementor-post__meta-data\">\n\t\t\t\t\t<span class=\"elementor-post-date\">\n\t\t\toctubre 22, 2024\t\t<\/span>\n\t\t\t\t<\/div>\n\t\t\t\t\t<\/div>\n\t\t<\/article>\n\t\t\t\t<article class=\"elementor-post elementor-grid-item post-152921 post type-post status-publish format-standard hentry category-notas-de-prensa tag-companias tag-empack tag-estudio tag-implementacion tag-jornada tag-logistics-automation tag-reduccion\" role=\"listitem\">\n\t\t\t<div class=\"elementor-post__card\">\n\t\t\t\t<div class=\"elementor-post__text\">\n\t\t\t\t<h3 class=\"elementor-post__title\">\n\t\t\t<a href=\"https:\/\/www.logisticsautomationmadrid.com\/es\/2024\/09\/25\/en-torno-a-la-mitad-de-las-empresas-logisticas-y-de-packaging-no-implementaran-la-reduccion-de-jornada-a-no-ser-que-sea-obligatorio\/\" >\n\t\t\t\tEn torno a la mitad de las empresas log\u00edsticas y de packaging no implementar\u00e1n la reducci\u00f3n de jornada a no ser que sea obligatorio\t\t\t<\/a>\n\t\t<\/h3>\n\t\t\t\t<div class=\"elementor-post__excerpt\">\n\t\t\t<p>Seg\u00fan el \u00faltimo estudio realizado por Easyfairs, organizador de los salones Empack y Logistics &amp; Automation, el 48,1% de las compa\u00f1\u00edas log\u00edsticas y el 65,1%<\/p>\n\t\t<\/div>\n\t\t\n\t\t<a class=\"elementor-post__read-more\" href=\"https:\/\/www.logisticsautomationmadrid.com\/es\/2024\/09\/25\/en-torno-a-la-mitad-de-las-empresas-logisticas-y-de-packaging-no-implementaran-la-reduccion-de-jornada-a-no-ser-que-sea-obligatorio\/\" aria-label=\"Read more about En torno a la mitad de las empresas log\u00edsticas y de packaging no implementar\u00e1n la reducci\u00f3n de jornada a no ser que sea obligatorio\" tabindex=\"-1\" >\n\t\t\tLeer m\u00e1s &gt;\t\t<\/a>\n\n\t\t\t\t<\/div>\n\t\t\t\t<div class=\"elementor-post__meta-data\">\n\t\t\t\t\t<span class=\"elementor-post-date\">\n\t\t\tseptiembre 25, 2024\t\t<\/span>\n\t\t\t\t<\/div>\n\t\t\t\t\t<\/div>\n\t\t<\/article>\n\t\t\t\t<article class=\"elementor-post elementor-grid-item post-149831 post type-post status-publish format-standard hentry category-notas-de-prensa tag-entrega tag-logistics-automation tag-premios tag-premios-lideres-de-la-logistica tag-uno\" role=\"listitem\">\n\t\t\t<div class=\"elementor-post__card\">\n\t\t\t\t<div class=\"elementor-post__text\">\n\t\t\t\t<h3 class=\"elementor-post__title\">\n\t\t\t<a href=\"https:\/\/www.logisticsautomationmadrid.com\/es\/2024\/09\/04\/logistics-automation-acogera-la-v-edicion-de-los-premios-lideres-de-la-logistica-organizados-junto-a-uno\/\" >\n\t\t\t\tLOGISTICS &amp; AUTOMATION ACOGER\u00c1 LA V EDICI\u00d3N DE LOS PREMIOS L\u00cdDERES DE LA LOG\u00cdSTICA, ORGANIZADOS JUNTO A UNO\t\t\t<\/a>\n\t\t<\/h3>\n\t\t\t\t<div class=\"elementor-post__excerpt\">\n\t\t\t<p>Las 7 categor\u00edas de los premios destacan las dimensiones m\u00e1s relevantes del sector, poniendo en valor la capacidad transformadora e innovadora de la log\u00edstica, as\u00ed<\/p>\n\t\t<\/div>\n\t\t\n\t\t<a class=\"elementor-post__read-more\" href=\"https:\/\/www.logisticsautomationmadrid.com\/es\/2024\/09\/04\/logistics-automation-acogera-la-v-edicion-de-los-premios-lideres-de-la-logistica-organizados-junto-a-uno\/\" aria-label=\"Read more about LOGISTICS &amp; AUTOMATION ACOGER\u00c1 LA V EDICI\u00d3N DE LOS PREMIOS L\u00cdDERES DE LA LOG\u00cdSTICA, ORGANIZADOS JUNTO A UNO\" tabindex=\"-1\" >\n\t\t\tLeer m\u00e1s &gt;\t\t<\/a>\n\n\t\t\t\t<\/div>\n\t\t\t\t<div class=\"elementor-post__meta-data\">\n\t\t\t\t\t<span class=\"elementor-post-date\">\n\t\t\tseptiembre 4, 2024\t\t<\/span>\n\t\t\t\t<\/div>\n\t\t\t\t\t<\/div>\n\t\t<\/article>\n\t\t\t\t<article class=\"elementor-post elementor-grid-item post-145127 post type-post status-publish format-standard hentry category-notas-de-prensa tag-bec tag-congreso tag-easyfairs tag-ferias tag-industria\" role=\"listitem\">\n\t\t\t<div class=\"elementor-post__card\">\n\t\t\t\t<div class=\"elementor-post__text\">\n\t\t\t\t<h3 class=\"elementor-post__title\">\n\t\t\t<a href=\"https:\/\/www.logisticsautomationmadrid.com\/es\/2024\/07\/10\/apce-y-afe-culminan-con-exito-su-segundo-congreso-celebrado-del-3-al-6-de-julio-en-bec\/\" >\n\t\t\t\tAPCE y AFE culminan con \u00e9xito su segundo congreso celebrado del 3 al 6 de julio en BEC\t\t\t<\/a>\n\t\t<\/h3>\n\t\t\t\t<div class=\"elementor-post__excerpt\">\n\t\t\t<p>El segundo congreso conjunto de la Asociaci\u00f3n de Ferias Espa\u00f1olas (AFE) y de la Asociaci\u00f3n de Palacios de Congresos de Espa\u00f1a (APCE) finaliz\u00f3 el 6<\/p>\n\t\t<\/div>\n\t\t\n\t\t<a class=\"elementor-post__read-more\" href=\"https:\/\/www.logisticsautomationmadrid.com\/es\/2024\/07\/10\/apce-y-afe-culminan-con-exito-su-segundo-congreso-celebrado-del-3-al-6-de-julio-en-bec\/\" aria-label=\"Read more about APCE y AFE culminan con \u00e9xito su segundo congreso celebrado del 3 al 6 de julio en BEC\" tabindex=\"-1\" >\n\t\t\tLeer m\u00e1s &gt;\t\t<\/a>\n\n\t\t\t\t<\/div>\n\t\t\t\t<div class=\"elementor-post__meta-data\">\n\t\t\t\t\t<span class=\"elementor-post-date\">\n\t\t\tjulio 10, 2024\t\t<\/span>\n\t\t\t\t<\/div>\n\t\t\t\t\t<\/div>\n\t\t<\/article>\n\t\t\t\t<article class=\"elementor-post elementor-grid-item post-144410 post type-post status-publish format-standard hentry category-notas-de-prensa tag-bec tag-congreso tag-easyfairs tag-ferias tag-industria\" role=\"listitem\">\n\t\t\t<div class=\"elementor-post__card\">\n\t\t\t\t<div class=\"elementor-post__text\">\n\t\t\t\t<h3 class=\"elementor-post__title\">\n\t\t\t<a href=\"https:\/\/www.logisticsautomationmadrid.com\/es\/2024\/07\/04\/el-ii-congreso-afe-apce-comienza-hoy-en-el-bec-con-mas-de-200-participantes\/\" >\n\t\t\t\tEl II Congreso AFE-APCE comienza hoy en el BEC con m\u00e1s de 200 participantes\t\t\t<\/a>\n\t\t<\/h3>\n\t\t\t\t<div class=\"elementor-post__excerpt\">\n\t\t\t<p>El segundo congreso conjunto de la Asociaci\u00f3n de Ferias Espa\u00f1olas (AFE) y de la Asociaci\u00f3n de Palacios de Congresos de Espa\u00f1a (APCE) se inaugura oficialmente<\/p>\n\t\t<\/div>\n\t\t\n\t\t<a class=\"elementor-post__read-more\" href=\"https:\/\/www.logisticsautomationmadrid.com\/es\/2024\/07\/04\/el-ii-congreso-afe-apce-comienza-hoy-en-el-bec-con-mas-de-200-participantes\/\" aria-label=\"Read more about El II Congreso AFE-APCE comienza hoy en el BEC con m\u00e1s de 200 participantes\" tabindex=\"-1\" >\n\t\t\tLeer m\u00e1s &gt;\t\t<\/a>\n\n\t\t\t\t<\/div>\n\t\t\t\t<div class=\"elementor-post__meta-data\">\n\t\t\t\t\t<span class=\"elementor-post-date\">\n\t\t\tjulio 4, 2024\t\t<\/span>\n\t\t\t\t<\/div>\n\t\t\t\t\t<\/div>\n\t\t<\/article>\n\t\t\t\t<article class=\"elementor-post elementor-grid-item post-143541 post type-post status-publish format-standard hentry category-notas-de-prensa tag-easyfairs tag-ferias tag-industria tag-motores tag-sostenibilidad\" role=\"listitem\">\n\t\t\t<div class=\"elementor-post__card\">\n\t\t\t\t<div class=\"elementor-post__text\">\n\t\t\t\t<h3 class=\"elementor-post__title\">\n\t\t\t<a href=\"https:\/\/www.logisticsautomationmadrid.com\/es\/2024\/06\/26\/empack-y-logistics-automation-madrid-calientan-motores-y-abren-el-registro-para-profesionales\/\" >\n\t\t\t\tEMPACK Y LOGISTICS &amp; AUTOMATION MADRID CALIENTAN MOTORES Y ABREN EL REGISTRO PARA PROFESIONALES\t\t\t<\/a>\n\t\t<\/h3>\n\t\t\t\t<div class=\"elementor-post__excerpt\">\n\t\t\t<p>Ambos eventos, referentes a nivel nacional para los sectores del packaging, la log\u00edstica y el transporte se celebrar\u00e1n de forma simult\u00e1nea los d\u00edas 27 y<\/p>\n\t\t<\/div>\n\t\t\n\t\t<a class=\"elementor-post__read-more\" href=\"https:\/\/www.logisticsautomationmadrid.com\/es\/2024\/06\/26\/empack-y-logistics-automation-madrid-calientan-motores-y-abren-el-registro-para-profesionales\/\" aria-label=\"Read more about EMPACK Y LOGISTICS &amp; AUTOMATION MADRID CALIENTAN MOTORES Y ABREN EL REGISTRO PARA PROFESIONALES\" tabindex=\"-1\" >\n\t\t\tLeer m\u00e1s &gt;\t\t<\/a>\n\n\t\t\t\t<\/div>\n\t\t\t\t<div class=\"elementor-post__meta-data\">\n\t\t\t\t\t<span class=\"elementor-post-date\">\n\t\t\tjunio 26, 2024\t\t<\/span>\n\t\t\t\t<\/div>\n\t\t\t\t\t<\/div>\n\t\t<\/article>\n\t\t\t\t<article class=\"elementor-post elementor-grid-item post-141670 post type-post status-publish format-standard hentry category-notas-de-prensa tag-easyfairs tag-ferias tag-industria tag-motores tag-sostenibilidad\" role=\"listitem\">\n\t\t\t<div class=\"elementor-post__card\">\n\t\t\t\t<div class=\"elementor-post__text\">\n\t\t\t\t<h3 class=\"elementor-post__title\">\n\t\t\t<a href=\"https:\/\/www.logisticsautomationmadrid.com\/es\/2024\/06\/13\/easyfairs-publica-su-primer-informe-de-sostenibilidad\/\" >\n\t\t\t\tEasyfairs publica su primer informe de sostenibilidad\t\t\t<\/a>\n\t\t<\/h3>\n\t\t\t\t<div class=\"elementor-post__excerpt\">\n\t\t\t<p>Bruselas, 6 de junio de 2024&nbsp;\u2013 Easyfairs, la empresa internacional l\u00edder en organizaci\u00f3n de eventos ha publicado su primer informe anual de sostenibilidad, proporcionando una<\/p>\n\t\t<\/div>\n\t\t\n\t\t<a class=\"elementor-post__read-more\" href=\"https:\/\/www.logisticsautomationmadrid.com\/es\/2024\/06\/13\/easyfairs-publica-su-primer-informe-de-sostenibilidad\/\" aria-label=\"Read more about Easyfairs publica su primer informe de sostenibilidad\" tabindex=\"-1\" >\n\t\t\tLeer m\u00e1s &gt;\t\t<\/a>\n\n\t\t\t\t<\/div>\n\t\t\t\t<div class=\"elementor-post__meta-data\">\n\t\t\t\t\t<span class=\"elementor-post-date\">\n\t\t\tjunio 13, 2024\t\t<\/span>\n\t\t\t\t<\/div>\n\t\t\t\t\t<\/div>\n\t\t<\/article>\n\t\t\t\t<article class=\"elementor-post elementor-grid-item post-140392 post type-post status-publish format-standard has-post-thumbnail hentry category-notas-de-prensa tag-easyfairs tag-ferias tag-industria tag-motores tag-sostenibilidad\" role=\"listitem\">\n\t\t\t<div class=\"elementor-post__card\">\n\t\t\t\t<a class=\"elementor-post__thumbnail__link\" href=\"https:\/\/www.logisticsautomationmadrid.com\/es\/2024\/06\/04\/easyfairs-reivindica-el-papel-de-las-ferias-como-motores-de-la-sostenibilidad-en-la-industria\/\" tabindex=\"-1\" ><div class=\"elementor-post__thumbnail\"><img decoding=\"async\" width=\"400\" height=\"400\" src=\"https:\/\/easyfairsassets.com\/sites\/84\/2024\/06\/global-exhibition-day-news.png\" class=\"attachment-full size-full wp-image-140400\" alt=\"Global Exhibition Day\" srcset=\"https:\/\/easyfairsassets.com\/sites\/84\/2024\/06\/global-exhibition-day-news.png 400w, https:\/\/easyfairsassets.com\/sites\/84\/2024\/06\/global-exhibition-day-news-300x300.png 300w, https:\/\/easyfairsassets.com\/sites\/84\/2024\/06\/global-exhibition-day-news-150x150.png 150w\" sizes=\"(max-width: 400px) 100vw, 400px\" \/><\/div><\/a>\n\t\t\t\t<div class=\"elementor-post__text\">\n\t\t\t\t<h3 class=\"elementor-post__title\">\n\t\t\t<a href=\"https:\/\/www.logisticsautomationmadrid.com\/es\/2024\/06\/04\/easyfairs-reivindica-el-papel-de-las-ferias-como-motores-de-la-sostenibilidad-en-la-industria\/\" >\n\t\t\t\tEasyfairs reivindica el papel de las ferias como motores de la sostenibilidad en la industria\t\t\t<\/a>\n\t\t<\/h3>\n\t\t\t\t<div class=\"elementor-post__excerpt\">\n\t\t\t<p>Este a\u00f1o se celebra la 9\u00ba edici\u00f3n del Global Exhibitions Day bajo el lema \u201cLas ferias son catalizadoras de un futuro sostenible\u201d, constituyendo espacios donde<\/p>\n\t\t<\/div>\n\t\t\n\t\t<a class=\"elementor-post__read-more\" href=\"https:\/\/www.logisticsautomationmadrid.com\/es\/2024\/06\/04\/easyfairs-reivindica-el-papel-de-las-ferias-como-motores-de-la-sostenibilidad-en-la-industria\/\" aria-label=\"Read more about Easyfairs reivindica el papel de las ferias como motores de la sostenibilidad en la industria\" tabindex=\"-1\" >\n\t\t\tLeer m\u00e1s &gt;\t\t<\/a>\n\n\t\t\t\t<\/div>\n\t\t\t\t<div class=\"elementor-post__meta-data\">\n\t\t\t\t\t<span class=\"elementor-post-date\">\n\t\t\tjunio 4, 2024\t\t<\/span>\n\t\t\t\t<\/div>\n\t\t\t\t\t<\/div>\n\t\t<\/article>\n\t\t\t\t<article class=\"elementor-post elementor-grid-item post-138994 post type-post status-publish format-standard hentry category-notas-de-prensa tag-1967 tag-60o-aniversario tag-afe tag-datos\" role=\"listitem\">\n\t\t\t<div class=\"elementor-post__card\">\n\t\t\t\t<div class=\"elementor-post__text\">\n\t\t\t\t<h3 class=\"elementor-post__title\">\n\t\t\t<a href=\"https:\/\/www.logisticsautomationmadrid.com\/es\/2024\/05\/16\/la-asociacion-de-ferias-espanolas-celebra-el-60o-aniversario-de-su-creacion-y-presenta-sus-datos-de-2023\/\" >\n\t\t\t\tLa Asociaci\u00f3n de Ferias Espa\u00f1olas celebra el 60\u00ba aniversario de su creaci\u00f3n y presenta sus datos de 2023\t\t\t<\/a>\n\t\t<\/h3>\n\t\t\t\t<div class=\"elementor-post__excerpt\">\n\t\t\t<p class=\"MsoListParagraphCxSpFirst\" style=\"text-align: justify; text-indent: -18.0pt; mso-list: l0 level1 lfo1;\"><!-- [if !supportLists]--><span style=\"font-size: 10.0pt; line-height: 107%; font-family: Symbol; mso-fareast-font-family: Symbol; mso-bidi-font-family: Symbol; mso-font-kerning: 0pt; mso-ligatures: none; mso-bidi-font-style: italic;\"><span style=\"mso-list: Ignore;\">\u00b7<span style=\"font: 7.0pt 'Times New Roman';\">\u00a0 \u00a0 \u00a0\u00a0<\/span><\/span><\/span>La Asociaci\u00f3n de Ferias Espa\u00f1olas celebra el 60\u00ba aniversario de su creaci\u00f3n y presenta sus datos de 2023<\/p>\n\t\t<\/div>\n\t\t\n\t\t<a class=\"elementor-post__read-more\" href=\"https:\/\/www.logisticsautomationmadrid.com\/es\/2024\/05\/16\/la-asociacion-de-ferias-espanolas-celebra-el-60o-aniversario-de-su-creacion-y-presenta-sus-datos-de-2023\/\" aria-label=\"Read more about La Asociaci\u00f3n de Ferias Espa\u00f1olas celebra el 60\u00ba aniversario de su creaci\u00f3n y presenta sus datos de 2023\" tabindex=\"-1\" >\n\t\t\tLeer m\u00e1s &gt;\t\t<\/a>\n\n\t\t\t\t<\/div>\n\t\t\t\t<div class=\"elementor-post__meta-data\">\n\t\t\t\t\t<span class=\"elementor-post-date\">\n\t\t\tmayo 16, 2024\t\t<\/span>\n\t\t\t\t<\/div>\n\t\t\t\t\t<\/div>\n\t\t<\/article>\n\t\t\t\t<article class=\"elementor-post elementor-grid-item post-127467 post type-post status-publish format-standard hentry category-notas-de-prensa tag-edicion-2023 tag-empack tag-empresas tag-feria tag-ifema tag-innovacion tag-logistics-automation tag-madrid tag-salon\" role=\"listitem\">\n\t\t\t<div class=\"elementor-post__card\">\n\t\t\t\t<div class=\"elementor-post__text\">\n\t\t\t\t<h3 class=\"elementor-post__title\">\n\t\t\t<a href=\"https:\/\/www.logisticsautomationmadrid.com\/es\/2023\/12\/04\/empack-y-logistics-automation-baten-record-de-asistencia-con-mas-de-10-600-visitantes-unicos\/\" >\n\t\t\t\tEmpack y Logistics &amp; Automation baten r\u00e9cord de asistencia con m\u00e1s de 10.600 visitantes \u00fanicos\t\t\t<\/a>\n\t\t<\/h3>\n\t\t\t\t<div class=\"elementor-post__excerpt\">\n\t\t\t<p class=\"MsoListParagraphCxSpFirst\" style=\"text-align: justify; text-indent: -18.0pt; mso-list: l0 level1 lfo1;\"><!-- [if !supportLists]--><span style=\"font-size: 10.0pt; line-height: 107%; font-family: Symbol; mso-fareast-font-family: Symbol; mso-bidi-font-family: Symbol; mso-font-kerning: 0pt; mso-ligatures: none; mso-bidi-font-style: italic;\"><span style=\"mso-list: Ignore;\">\u00b7<span style=\"font: 7.0pt 'Times New Roman';\">\u00a0\u00a0\u00a0\u00a0\u00a0\u00a0 <\/span><\/span><\/span><!--[endif]--><b style=\"mso-bidi-font-weight: normal;\"><i><span style=\"font-size: 10.0pt; line-height: 107%; font-family: 'Trebuchet MS',sans-serif; mso-fareast-font-family: Calibri; mso-bidi-font-family: 'Times New Roman'; mso-font-kerning: 0pt; mso-ligatures: none;\">Celebradas en IFEMA, ambas ferias han contado con la participaci\u00f3n de m\u00e1s de 360 empresas expositoras de los sectores del packaging, la log\u00edstica y el transporte, registrando 38.361 interacciones comerciales.<\/span><\/i><\/b><\/p>\n<p class=\"MsoListParagraphCxSpMiddle\" style=\"text-align: justify; text-indent: -18.0pt; mso-list: l0 level1 lfo1;\"><!-- [if !supportLists]--><span style=\"font-size: 10.0pt; line-height: 107%; font-family: Symbol; mso-fareast-font-family: Symbol; mso-bidi-font-family: Symbol; mso-font-kerning: 0pt; mso-ligatures: none; mso-bidi-font-style: italic;\"><span style=\"mso-list: Ignore;\">\u00b7<span style=\"font: 7.0pt 'Times New Roman';\">\u00a0\u00a0\u00a0\u00a0\u00a0\u00a0 <\/span><\/span><\/span><!--[endif]--><b style=\"mso-bidi-font-weight: normal;\"><i><span style=\"font-size: 10.0pt; line-height: 107%; font-family: 'Trebuchet MS',sans-serif; mso-fareast-font-family: Calibri; mso-bidi-font-family: 'Times New Roman'; mso-font-kerning: 0pt; mso-ligatures: none;\">En total, han ocupado m\u00e1s de 20.500 metros cuadrados de exposici\u00f3n, un 6 % m\u00e1s que el a\u00f1o anterior, subrayando su creciente impacto econ\u00f3mico.<\/span><\/i><\/b><\/p>\n<p class=\"MsoListParagraphCxSpLast\" style=\"text-align: justify; text-indent: -18.0pt; mso-list: l0 level1 lfo1;\"><!-- [if !supportLists]--><span style=\"font-size: 10.0pt; line-height: 107%; font-family: Symbol; mso-fareast-font-family: Symbol; mso-bidi-font-family: Symbol; mso-font-kerning: 0pt; mso-ligatures: none; mso-bidi-font-style: italic;\"><span style=\"mso-list: Ignore;\">\u00b7<span style=\"font: 7.0pt 'Times New Roman';\">\u00a0\u00a0\u00a0\u00a0\u00a0\u00a0 <\/span><\/span><\/span><!--[endif]--><b style=\"mso-bidi-font-weight: normal;\"><i><span style=\"font-size: 10.0pt; line-height: 107%; font-family: 'Trebuchet MS',sans-serif; mso-fareast-font-family: Calibri; mso-bidi-font-family: 'Times New Roman'; mso-font-kerning: 0pt; mso-ligatures: none;\">\u201cEstas cifras r\u00e9cord no solo indican el \u00e9xito del sal\u00f3n, sino tambi\u00e9n el estado actual y el potencial de crecimiento de los sectores del packaging y la log\u00edstica en Espa\u00f1a\u201d, afirma Oscar Barranco, director general de Easyfairs Iberia.<\/span><\/i><\/b><\/p>\n\t\t<\/div>\n\t\t\n\t\t<a class=\"elementor-post__read-more\" href=\"https:\/\/www.logisticsautomationmadrid.com\/es\/2023\/12\/04\/empack-y-logistics-automation-baten-record-de-asistencia-con-mas-de-10-600-visitantes-unicos\/\" aria-label=\"Read more about Empack y Logistics &amp; Automation baten r\u00e9cord de asistencia con m\u00e1s de 10.600 visitantes \u00fanicos\" tabindex=\"-1\" >\n\t\t\tLeer m\u00e1s &gt;\t\t<\/a>\n\n\t\t\t\t<\/div>\n\t\t\t\t<div class=\"elementor-post__meta-data\">\n\t\t\t\t\t<span class=\"elementor-post-date\">\n\t\t\tdiciembre 4, 2023\t\t<\/span>\n\t\t\t\t<\/div>\n\t\t\t\t\t<\/div>\n\t\t<\/article>\n\t\t\t\t<\/div>\n\t\t\n\t\t\t\t\t\t<\/div>\n\t\t\t\t<\/div>\n\t\t\t\t\t<\/div>\n\t\t<\/div>\n\t\t\t\t\t<\/div>\n\t\t<\/section>\n\t\t\t\t\t<\/div>\n\t\t<\/div>\n\t\t\t\t\t<\/div>\n\t\t<\/section>\n\t\t\t\t<section class=\"elementor-section elementor-top-section elementor-element elementor-element-5308d12 elementor-section-boxed elementor-section-height-default elementor-section-height-default\" data-id=\"5308d12\" data-element_type=\"section\">\n\t\t\t\t\t\t<div class=\"elementor-container elementor-column-gap-default\">\n\t\t\t\t\t<div class=\"elementor-column elementor-col-100 elementor-top-column elementor-element elementor-element-94bb43b\" data-id=\"94bb43b\" data-element_type=\"column\">\n\t\t\t<div class=\"elementor-widget-wrap\">\n\t\t\t\t\t\t\t<\/div>\n\t\t<\/div>\n\t\t\t\t\t<\/div>\n\t\t<\/section>\n\t\t\t\t<section class=\"elementor-section elementor-top-section elementor-element elementor-element-7bb4c88d elementor-hidden-desktop elementor-hidden-tablet elementor-hidden-mobile elementor-section-boxed elementor-section-height-default elementor-section-height-default\" data-id=\"7bb4c88d\" data-element_type=\"section\" data-settings=\"{&quot;background_background&quot;:&quot;classic&quot;}\">\n\t\t\t\t\t\t\t<div class=\"elementor-background-overlay\"><\/div>\n\t\t\t\t\t\t\t<div class=\"elementor-container elementor-column-gap-default\">\n\t\t\t\t\t<div class=\"elementor-column elementor-col-100 elementor-top-column elementor-element elementor-element-7ed58b0\" data-id=\"7ed58b0\" data-element_type=\"column\" data-settings=\"{&quot;background_background&quot;:&quot;classic&quot;}\">\n\t\t\t<div class=\"elementor-widget-wrap elementor-element-populated\">\n\t\t\t\t\t\t<section class=\"elementor-section elementor-inner-section elementor-element elementor-element-5f06cf19 elementor-section-boxed elementor-section-height-default elementor-section-height-default\" data-id=\"5f06cf19\" data-element_type=\"section\" data-settings=\"{&quot;background_background&quot;:&quot;classic&quot;}\">\n\t\t\t\t\t\t<div class=\"elementor-container elementor-column-gap-default\">\n\t\t\t\t\t<div class=\"elementor-column elementor-col-100 elementor-inner-column elementor-element elementor-element-e472692\" data-id=\"e472692\" data-element_type=\"column\" data-settings=\"{&quot;background_background&quot;:&quot;classic&quot;}\">\n\t\t\t<div class=\"elementor-widget-wrap elementor-element-populated\">\n\t\t\t\t\t\t<div class=\"elementor-element elementor-element-29dccd9f elementor-widget elementor-widget-heading\" data-id=\"29dccd9f\" data-element_type=\"widget\" data-widget_type=\"heading.default\">\n\t\t\t\t<div class=\"elementor-widget-container\">\n\t\t\t\t\t<h2 class=\"elementor-heading-title elementor-size-default\">Headline for CTA to go here<\/h2>\t\t\t\t<\/div>\n\t\t\t\t<\/div>\n\t\t\t\t<div class=\"elementor-element elementor-element-6f6ca4e3 elementor-widget elementor-widget-text-editor\" data-id=\"6f6ca4e3\" data-element_type=\"widget\" data-widget_type=\"text-editor.default\">\n\t\t\t\t<div class=\"elementor-widget-container\">\n\t\t\t\t\t\t\t\t\t<p>Click edit button to change this text. Lorem ipsum dolor sit amet, consectetur adipiscing elit. Ut elit tellus, luctus nec ullamcorper mattis, pulvinar dapibus leo.Click edit button to change this text.<\/p>\t\t\t\t\t\t\t\t<\/div>\n\t\t\t\t<\/div>\n\t\t\t\t\t<\/div>\n\t\t<\/div>\n\t\t\t\t\t<\/div>\n\t\t<\/section>\n\t\t\t\t<section class=\"elementor-section elementor-inner-section elementor-element elementor-element-6fd2da02 elementor-section-boxed elementor-section-height-default elementor-section-height-default elementor-invisible\" data-id=\"6fd2da02\" data-element_type=\"section\" data-settings=\"{&quot;animation&quot;:&quot;slideInLeft&quot;}\">\n\t\t\t\t\t\t<div class=\"elementor-container elementor-column-gap-default\">\n\t\t\t\t\t<div class=\"elementor-column elementor-col-33 elementor-inner-column elementor-element elementor-element-56638501\" data-id=\"56638501\" data-element_type=\"column\">\n\t\t\t<div class=\"elementor-widget-wrap elementor-element-populated\">\n\t\t\t\t\t\t<div class=\"elementor-element elementor-element-4c5305d2 elementor-flip-box--effect-push elementor-flip-box--direction-up elementor-invisible elementor-widget elementor-widget-flip-box\" data-id=\"4c5305d2\" data-element_type=\"widget\" data-settings=\"{&quot;_animation&quot;:&quot;fadeIn&quot;}\" data-widget_type=\"flip-box.default\">\n\t\t\t\t<div class=\"elementor-widget-container\">\n\t\t\t\t\t\t\t<div class=\"elementor-flip-box\" tabindex=\"0\">\n\t\t\t<div class=\"elementor-flip-box__layer elementor-flip-box__front\">\n\t\t\t\t<div class=\"elementor-flip-box__layer__overlay\">\n\t\t\t\t\t<div class=\"elementor-flip-box__layer__inner\">\n\t\t\t\t\t\t\n\t\t\t\t\t\t\t\t\t\t\t\t\t<h3 class=\"elementor-flip-box__layer__title\">\n\t\t\t\t\t\t\t\tGaler\u00eda de imagenes\t\t\t\t\t\t\t<\/h3>\n\t\t\t\t\t\t\n\t\t\t\t\t\t\t\t\t\t\t<\/div>\n\t\t\t\t<\/div>\n\t\t\t<\/div>\n\t\t\t<div class=\"elementor-flip-box__layer elementor-flip-box__back\">\n\t\t\t<div class=\"elementor-flip-box__layer__overlay\">\n\t\t\t\t<div class=\"elementor-flip-box__layer__inner\">\n\t\t\t\t\t\t\t\t\t\t\t<h3 class=\"elementor-flip-box__layer__title\">\n\t\t\t\t\t\t\tGaler\u00eda de im\u00e1genes\t\t\t\t\t\t<\/h3>\n\t\t\t\t\t\n\t\t\t\t\t\t\t\t\t\t\t<div class=\"elementor-flip-box__layer__description\">\n\t\t\t\t\t\t\tRevive todas las fotos de la pasada edi\u00f3n\t\t\t\t\t\t<\/div>\n\t\t\t\t\t\n\t\t\t\t\t\t\t\t\t\t\t<a class=\"elementor-flip-box__button elementor-button elementor-size-sm\">\n\t\t\t\t\t\t\tFotos\t\t\t\t\t\t<\/a>\n\t\t\t\t\t\t\t\t<\/div>\n\t\t<\/div>\n\t\t<\/div>\n\t\t<\/div>\n\t\t\t\t\t\t<\/div>\n\t\t\t\t<\/div>\n\t\t\t\t\t<\/div>\n\t\t<\/div>\n\t\t\t\t<div class=\"elementor-column elementor-col-33 elementor-inner-column elementor-element elementor-element-61326899\" data-id=\"61326899\" data-element_type=\"column\">\n\t\t\t<div class=\"elementor-widget-wrap elementor-element-populated\">\n\t\t\t\t\t\t<div class=\"elementor-element elementor-element-6fbf0b39 elementor-flip-box--effect-push elementor-flip-box--direction-up elementor-invisible elementor-widget elementor-widget-flip-box\" data-id=\"6fbf0b39\" data-element_type=\"widget\" data-settings=\"{&quot;_animation&quot;:&quot;fadeIn&quot;}\" data-widget_type=\"flip-box.default\">\n\t\t\t\t<div class=\"elementor-widget-container\">\n\t\t\t\t\t\t\t<div class=\"elementor-flip-box\" tabindex=\"0\">\n\t\t\t<div class=\"elementor-flip-box__layer elementor-flip-box__front\">\n\t\t\t\t<div class=\"elementor-flip-box__layer__overlay\">\n\t\t\t\t\t<div class=\"elementor-flip-box__layer__inner\">\n\t\t\t\t\t\t\n\t\t\t\t\t\t\t\t\t\t\t\t\t<h3 class=\"elementor-flip-box__layer__title\">\n\t\t\t\t\t\t\t\tContacto\t\t\t\t\t\t\t<\/h3>\n\t\t\t\t\t\t\n\t\t\t\t\t\t\t\t\t\t\t<\/div>\n\t\t\t\t<\/div>\n\t\t\t<\/div>\n\t\t\t<div class=\"elementor-flip-box__layer elementor-flip-box__back\">\n\t\t\t<div class=\"elementor-flip-box__layer__overlay\">\n\t\t\t\t<div class=\"elementor-flip-box__layer__inner\">\n\t\t\t\t\t\t\t\t\t\t\t<h3 class=\"elementor-flip-box__layer__title\">\n\t\t\t\t\t\t\tContacto prensa\t\t\t\t\t\t<\/h3>\n\t\t\t\t\t\n\t\t\t\t\t\t\t\t\t\t\t<div class=\"elementor-flip-box__layer__description\">\n\t\t\t\t\t\t\tPara cualquier consulta, nuestro gabinete de prensa estar\u00e1 encantado de ayudarte\t\t\t\t\t\t<\/div>\n\t\t\t\t\t\n\t\t\t\t\t\t\t\t\t\t\t<a class=\"elementor-flip-box__button elementor-button elementor-size-sm\" href=\"mailto:cristina.martinez@asecom.es?subject=Contacto%20prensa%20MetalMadrid\">\n\t\t\t\t\t\t\tContactar con el gabinete de prensa\t\t\t\t\t\t<\/a>\n\t\t\t\t\t\t\t\t<\/div>\n\t\t<\/div>\n\t\t<\/div>\n\t\t<\/div>\n\t\t\t\t\t\t<\/div>\n\t\t\t\t<\/div>\n\t\t\t\t\t<\/div>\n\t\t<\/div>\n\t\t\t\t<div class=\"elementor-column elementor-col-33 elementor-inner-column elementor-element elementor-element-75f2581e\" data-id=\"75f2581e\" data-element_type=\"column\">\n\t\t\t<div class=\"elementor-widget-wrap elementor-element-populated\">\n\t\t\t\t\t\t<div class=\"elementor-element elementor-element-2ade2db0 elementor-flip-box--effect-push elementor-flip-box--direction-up elementor-invisible elementor-widget elementor-widget-flip-box\" data-id=\"2ade2db0\" data-element_type=\"widget\" data-settings=\"{&quot;_animation&quot;:&quot;fadeIn&quot;}\" data-widget_type=\"flip-box.default\">\n\t\t\t\t<div class=\"elementor-widget-container\">\n\t\t\t\t\t\t\t<div class=\"elementor-flip-box\" tabindex=\"0\">\n\t\t\t<div class=\"elementor-flip-box__layer elementor-flip-box__front\">\n\t\t\t\t<div class=\"elementor-flip-box__layer__overlay\">\n\t\t\t\t\t<div class=\"elementor-flip-box__layer__inner\">\n\t\t\t\t\t\t\n\t\t\t\t\t\t\t\t\t\t\t\t\t<h3 class=\"elementor-flip-box__layer__title\">\n\t\t\t\t\t\t\t\tBlog MetalNews\t\t\t\t\t\t\t<\/h3>\n\t\t\t\t\t\t\n\t\t\t\t\t\t\t\t\t\t\t<\/div>\n\t\t\t\t<\/div>\n\t\t\t<\/div>\n\t\t\t<div class=\"elementor-flip-box__layer elementor-flip-box__back\">\n\t\t\t<div class=\"elementor-flip-box__layer__overlay\">\n\t\t\t\t<div class=\"elementor-flip-box__layer__inner\">\n\t\t\t\t\t\t\t\t\t\t\t<h3 class=\"elementor-flip-box__layer__title\">\n\t\t\t\t\t\t\tMetalNews\t\t\t\t\t\t<\/h3>\n\t\t\t\t\t\n\t\t\t\t\t\t\t\t\t\t\t<div class=\"elementor-flip-box__layer__description\">\n\t\t\t\t\t\t\tEl blog de MetalMadrid donde encontrar\u00e1s las noticias de la transformaci\u00f3n industrial\t\t\t\t\t\t<\/div>\n\t\t\t\t\t\n\t\t\t\t\t\t\t\t\t\t\t<a class=\"elementor-flip-box__button elementor-button elementor-size-sm\">\n\t\t\t\t\t\t\tFind out more\t\t\t\t\t\t<\/a>\n\t\t\t\t\t\t\t\t<\/div>\n\t\t<\/div>\n\t\t<\/div>\n\t\t<\/div>\n\t\t\t\t\t\t<\/div>\n\t\t\t\t<\/div>\n\t\t\t\t\t<\/div>\n\t\t<\/div>\n\t\t\t\t\t<\/div>\n\t\t<\/section>\n\t\t\t\t\t<\/div>\n\t\t<\/div>\n\t\t\t\t\t<\/div>\n\t\t<\/section>\n\t\t\t\t<\/div>\n\t\t","protected":false},"excerpt":{"rendered":"<p>Notas de prensa A continuaci\u00f3n encontrar\u00e1s todas las notas de prensa del evento. Headline for CTA to go here Click edit button to change this text. Lorem ipsum dolor sit amet, consectetur adipiscing elit. Ut elit tellus, luctus nec ullamcorper mattis, pulvinar dapibus leo.Click edit button to change this text. Galer\u00eda de imagenes Galer\u00eda de [&hellip;]<\/p>\n","protected":false},"author":927,"featured_media":0,"parent":336,"menu_order":0,"comment_status":"closed","ping_status":"closed","template":"","meta":{"_seopress_robots_primary_cat":"","_seopress_titles_title":"Notas de prensa | Logistics & Automation Madrid","_seopress_titles_desc":"Ponte al d\u00eda de todo lo que ocurre en Logistics & Automation Madrid.","_seopress_robots_index":"","footnotes":""},"class_list":["post-3172","page","type-page","status-publish","hentry"],"_links":{"self":[{"href":"https:\/\/www.logisticsautomationmadrid.com\/es\/wp-json\/wp\/v2\/pages\/3172","targetHints":{"allow":["GET"]}}],"collection":[{"href":"https:\/\/www.logisticsautomationmadrid.com\/es\/wp-json\/wp\/v2\/pages"}],"about":[{"href":"https:\/\/www.logisticsautomationmadrid.com\/es\/wp-json\/wp\/v2\/types\/page"}],"author":[{"embeddable":true,"href":"https:\/\/www.logisticsautomationmadrid.com\/es\/wp-json\/wp\/v2\/users\/927"}],"replies":[{"embeddable":true,"href":"https:\/\/www.logisticsautomationmadrid.com\/es\/wp-json\/wp\/v2\/comments?post=3172"}],"version-history":[{"count":5,"href":"https:\/\/www.logisticsautomationmadrid.com\/es\/wp-json\/wp\/v2\/pages\/3172\/revisions"}],"predecessor-version":[{"id":209632,"href":"https:\/\/www.logisticsautomationmadrid.com\/es\/wp-json\/wp\/v2\/pages\/3172\/revisions\/209632"}],"up":[{"embeddable":true,"href":"https:\/\/www.logisticsautomationmadrid.com\/es\/wp-json\/wp\/v2\/pages\/336"}],"wp:attachment":[{"href":"https:\/\/www.logisticsautomationmadrid.com\/es\/wp-json\/wp\/v2\/media?parent=3172"}],"curies":[{"name":"wp","href":"https:\/\/api.w.org\/{rel}","templated":true}]}}