{"id":336,"date":"2019-11-21T17:56:20","date_gmt":"2019-11-21T16:56:20","guid":{"rendered":"https:\/\/www.logisticsautomationmadrid.com\/?page_id=336"},"modified":"2025-12-18T16:01:10","modified_gmt":"2025-12-18T15:01:10","slug":"content-365","status":"publish","type":"page","link":"https:\/\/www.logisticsautomationmadrid.com\/es\/content-365\/","title":{"rendered":"Content 365"},"content":{"rendered":"\t\t<div data-elementor-type=\"wp-post\" data-elementor-id=\"336\" class=\"elementor elementor-336\" data-elementor-post-type=\"page\">\n\t\t\t\t\t\t<section class=\"elementor-section elementor-top-section elementor-element elementor-element-3bf0eb71 elementor-section-height-min-height elementor-section-content-middle elementor-section-boxed elementor-section-height-default elementor-section-items-middle\" data-id=\"3bf0eb71\" data-element_type=\"section\" data-settings=\"{&quot;background_background&quot;:&quot;classic&quot;}\">\n\t\t\t\t\t\t\t<div class=\"elementor-background-overlay\"><\/div>\n\t\t\t\t\t\t\t<div class=\"elementor-container elementor-column-gap-wider\">\n\t\t\t\t\t<div class=\"elementor-column elementor-col-100 elementor-top-column elementor-element elementor-element-74d2c1f3\" data-id=\"74d2c1f3\" data-element_type=\"column\">\n\t\t\t<div class=\"elementor-widget-wrap elementor-element-populated\">\n\t\t\t\t\t\t<div class=\"elementor-element elementor-element-91f4a82 elementor-invisible elementor-widget elementor-widget-heading\" data-id=\"91f4a82\" data-element_type=\"widget\" data-settings=\"{&quot;_animation&quot;:&quot;fadeInDown&quot;}\" data-widget_type=\"heading.default\">\n\t\t\t\t<div class=\"elementor-widget-container\">\n\t\t\t\t\t<h1 class=\"elementor-heading-title elementor-size-default\">\u00c1rea de prensa<\/h1>\t\t\t\t<\/div>\n\t\t\t\t<\/div>\n\t\t\t\t<div class=\"elementor-element elementor-element-44fd39b elementor-invisible elementor-widget elementor-widget-text-editor\" data-id=\"44fd39b\" data-element_type=\"widget\" data-settings=\"{&quot;_animation&quot;:&quot;fadeInRight&quot;}\" data-widget_type=\"text-editor.default\">\n\t\t\t\t<div class=\"elementor-widget-container\">\n\t\t\t\t\t\t\t\t\t<p>Somos referentes en captar las tendencias de la industria, adem\u00e1s, cada mes enviamos un recopilatorio de las mejores noticias del sector. Suscr\u00edbete a nuestra newsletter y mantente siempre al d\u00eda.<\/p>\t\t\t\t\t\t\t\t<\/div>\n\t\t\t\t<\/div>\n\t\t\t\t<div class=\"elementor-element elementor-element-61536ab elementor-align-center elementor-invisible elementor-widget elementor-widget-button\" data-id=\"61536ab\" data-element_type=\"widget\" data-settings=\"{&quot;_animation&quot;:&quot;fadeInRight&quot;}\" data-widget_type=\"button.default\">\n\t\t\t\t<div class=\"elementor-widget-container\">\n\t\t\t\t\t\t\t\t\t<div class=\"elementor-button-wrapper\">\n\t\t\t\t\t<a class=\"elementor-button elementor-button-link elementor-size-md elementor-animation-grow\" href=\"https:\/\/www.logisticsautomationmadrid.com\/es\/content-365\/suscribete-a-la-newsletter\/\" target=\"_blank\">\n\t\t\t\t\t\t<span class=\"elementor-button-content-wrapper\">\n\t\t\t\t\t\t<span class=\"elementor-button-icon\">\n\t\t\t\t\t\t\t<\/span>\n\t\t\t\t\t\t\t\t\t<span class=\"elementor-button-text\">Suscr\u00edbete a la newsletter mensual<\/span>\n\t\t\t\t\t<\/span>\n\t\t\t\t\t<\/a>\n\t\t\t\t<\/div>\n\t\t\t\t\t\t\t\t<\/div>\n\t\t\t\t<\/div>\n\t\t\t\t\t<\/div>\n\t\t<\/div>\n\t\t\t\t\t<\/div>\n\t\t<\/section>\n\t\t\t\t<section class=\"elementor-section elementor-top-section elementor-element elementor-element-17fe140 elementor-section-boxed elementor-section-height-default elementor-section-height-default\" data-id=\"17fe140\" data-element_type=\"section\" data-settings=\"{&quot;background_background&quot;:&quot;classic&quot;}\">\n\t\t\t\t\t\t\t<div class=\"elementor-background-overlay\"><\/div>\n\t\t\t\t\t\t\t<div class=\"elementor-container elementor-column-gap-default\">\n\t\t\t\t\t<div class=\"elementor-column elementor-col-50 elementor-top-column elementor-element elementor-element-a021051\" data-id=\"a021051\" data-element_type=\"column\">\n\t\t\t<div class=\"elementor-widget-wrap elementor-element-populated\">\n\t\t\t\t\t\t<div class=\"elementor-element elementor-element-b4e4b80 elementor-invisible elementor-widget elementor-widget-heading\" data-id=\"b4e4b80\" data-element_type=\"widget\" data-settings=\"{&quot;_animation&quot;:&quot;fadeInRight&quot;}\" data-widget_type=\"heading.default\">\n\t\t\t\t<div class=\"elementor-widget-container\">\n\t\t\t\t\t<h2 class=\"elementor-heading-title elementor-size-default\">Log\u00edstica, intralog\u00edstica y almacenamiento<\/h2>\t\t\t\t<\/div>\n\t\t\t\t<\/div>\n\t\t\t\t<div class=\"elementor-element elementor-element-aea1c77 elementor-grid-2 elementor-grid-tablet-2 elementor-grid-mobile-1 elementor-posts--thumbnail-top elementor-invisible elementor-widget elementor-widget-posts\" data-id=\"aea1c77\" data-element_type=\"widget\" data-settings=\"{&quot;classic_columns&quot;:&quot;2&quot;,&quot;_animation&quot;:&quot;fadeInRight&quot;,&quot;classic_columns_tablet&quot;:&quot;2&quot;,&quot;classic_columns_mobile&quot;:&quot;1&quot;,&quot;classic_row_gap&quot;:{&quot;unit&quot;:&quot;px&quot;,&quot;size&quot;:35,&quot;sizes&quot;:[]},&quot;classic_row_gap_tablet&quot;:{&quot;unit&quot;:&quot;px&quot;,&quot;size&quot;:&quot;&quot;,&quot;sizes&quot;:[]},&quot;classic_row_gap_mobile&quot;:{&quot;unit&quot;:&quot;px&quot;,&quot;size&quot;:&quot;&quot;,&quot;sizes&quot;:[]}}\" data-widget_type=\"posts.classic\">\n\t\t\t\t<div class=\"elementor-widget-container\">\n\t\t\t\t\t\t\t<div class=\"elementor-posts-container elementor-posts elementor-posts--skin-classic elementor-grid\" role=\"list\">\n\t\t\t\t<article class=\"elementor-post elementor-grid-item post-210375 post type-post status-publish format-standard has-post-thumbnail hentry category-ia-trazabilidad-seguridad category-logistica-intralogistica-almacenamiento category-sin-categorizar\" role=\"listitem\">\n\t\t\t\t<a class=\"elementor-post__thumbnail__link\" href=\"https:\/\/www.logisticsautomationmadrid.com\/es\/2026\/04\/28\/ia-generativa-para-mejorar-la-planificacion-de-la-supply-chain\/\" tabindex=\"-1\" target=&quot;_blank&quot;>\n\t\t\t<div class=\"elementor-post__thumbnail\"><img fetchpriority=\"high\" decoding=\"async\" width=\"300\" height=\"200\" src=\"https:\/\/easyfairsassets.com\/sites\/84\/2026\/04\/noticia-morato-8-300x200.png\" class=\"attachment-medium size-medium wp-image-210382\" alt=\"noticia morato 8\" srcset=\"https:\/\/easyfairsassets.com\/sites\/84\/2026\/04\/noticia-morato-8-300x200.png 300w, https:\/\/easyfairsassets.com\/sites\/84\/2026\/04\/noticia-morato-8-1024x682.png 1024w, https:\/\/easyfairsassets.com\/sites\/84\/2026\/04\/noticia-morato-8-768x512.png 768w, https:\/\/easyfairsassets.com\/sites\/84\/2026\/04\/noticia-morato-8.png 1250w\" sizes=\"(max-width: 300px) 100vw, 300px\" \/><\/div>\n\t\t<\/a>\n\t\t\t\t<div class=\"elementor-post__text\">\n\t\t\t\t<h3 class=\"elementor-post__title\">\n\t\t\t<a href=\"https:\/\/www.logisticsautomationmadrid.com\/es\/2026\/04\/28\/ia-generativa-para-mejorar-la-planificacion-de-la-supply-chain\/\" target=&quot;_blank&quot;>\n\t\t\t\tIA generativa para mejorar la planificaci\u00f3n de la supply chain\t\t\t<\/a>\n\t\t<\/h3>\n\t\t\t\t<div class=\"elementor-post__excerpt\">\n\t\t\t\t\t<\/div>\n\t\t\t\t<\/div>\n\t\t\t\t<\/article>\n\t\t\t\t<article class=\"elementor-post elementor-grid-item post-210292 post type-post status-publish format-standard has-post-thumbnail hentry category-blog category-logistica-intralogistica-almacenamiento category-sin-categorizar\" role=\"listitem\">\n\t\t\t\t<a class=\"elementor-post__thumbnail__link\" href=\"https:\/\/www.logisticsautomationmadrid.com\/es\/2026\/04\/09\/geopolitica-resiliencia-y-red-por-que-la-supply-chain-ya-no-es-solo-eficiencia\/\" tabindex=\"-1\" target=&quot;_blank&quot;>\n\t\t\t<div class=\"elementor-post__thumbnail\"><img decoding=\"async\" width=\"300\" height=\"200\" src=\"https:\/\/easyfairsassets.com\/sites\/84\/2026\/04\/noticia-2-300x200.png\" class=\"attachment-medium size-medium wp-image-210295\" alt=\"noticia (2)\" srcset=\"https:\/\/easyfairsassets.com\/sites\/84\/2026\/04\/noticia-2-300x200.png 300w, https:\/\/easyfairsassets.com\/sites\/84\/2026\/04\/noticia-2-1024x682.png 1024w, https:\/\/easyfairsassets.com\/sites\/84\/2026\/04\/noticia-2-768x512.png 768w, https:\/\/easyfairsassets.com\/sites\/84\/2026\/04\/noticia-2.png 1250w\" sizes=\"(max-width: 300px) 100vw, 300px\" \/><\/div>\n\t\t<\/a>\n\t\t\t\t<div class=\"elementor-post__text\">\n\t\t\t\t<h3 class=\"elementor-post__title\">\n\t\t\t<a href=\"https:\/\/www.logisticsautomationmadrid.com\/es\/2026\/04\/09\/geopolitica-resiliencia-y-red-por-que-la-supply-chain-ya-no-es-solo-eficiencia\/\" target=&quot;_blank&quot;>\n\t\t\t\tGeopol\u00edtica, resiliencia y red: por qu\u00e9 la supply chain ya no es solo eficiencia\t\t\t<\/a>\n\t\t<\/h3>\n\t\t\t\t<div class=\"elementor-post__excerpt\">\n\t\t\t\t\t<\/div>\n\t\t\t\t<\/div>\n\t\t\t\t<\/article>\n\t\t\t\t<\/div>\n\t\t\n\t\t\t\t\t\t<\/div>\n\t\t\t\t<\/div>\n\t\t\t\t<div class=\"elementor-element elementor-element-587f568 elementor-invisible elementor-widget elementor-widget-heading\" data-id=\"587f568\" data-element_type=\"widget\" data-settings=\"{&quot;_animation&quot;:&quot;fadeInRight&quot;}\" data-widget_type=\"heading.default\">\n\t\t\t\t<div class=\"elementor-widget-container\">\n\t\t\t\t\t<h2 class=\"elementor-heading-title elementor-size-default\">Green Logistics<\/h2>\t\t\t\t<\/div>\n\t\t\t\t<\/div>\n\t\t\t\t<div class=\"elementor-element elementor-element-8820b6f elementor-grid-2 elementor-grid-tablet-2 elementor-grid-mobile-1 elementor-posts--thumbnail-top elementor-invisible elementor-widget elementor-widget-posts\" data-id=\"8820b6f\" data-element_type=\"widget\" data-settings=\"{&quot;classic_columns&quot;:&quot;2&quot;,&quot;_animation&quot;:&quot;fadeInRight&quot;,&quot;classic_columns_tablet&quot;:&quot;2&quot;,&quot;classic_columns_mobile&quot;:&quot;1&quot;,&quot;classic_row_gap&quot;:{&quot;unit&quot;:&quot;px&quot;,&quot;size&quot;:35,&quot;sizes&quot;:[]},&quot;classic_row_gap_tablet&quot;:{&quot;unit&quot;:&quot;px&quot;,&quot;size&quot;:&quot;&quot;,&quot;sizes&quot;:[]},&quot;classic_row_gap_mobile&quot;:{&quot;unit&quot;:&quot;px&quot;,&quot;size&quot;:&quot;&quot;,&quot;sizes&quot;:[]}}\" data-widget_type=\"posts.classic\">\n\t\t\t\t<div class=\"elementor-widget-container\">\n\t\t\t\t\t\t\t<div class=\"elementor-posts-container elementor-posts elementor-posts--skin-classic elementor-grid\" role=\"list\">\n\t\t\t\t<article class=\"elementor-post elementor-grid-item post-210276 post type-post status-publish format-standard has-post-thumbnail hentry category-blog category-ia-trazabilidad-seguridad category-logistica-intralogistica-almacenamiento category-logtalent category-robotica-automatizacion category-sostenibilidad-greenlogistics category-transport-delivery tag-16-de-febrero tag-16-febrero tag-dia-logistica tag-dia-mundial-de-la-logistica tag-dia-mundial-logistica tag-espana tag-ferias tag-internacionalizacion tag-logistica tag-logistics-automation tag-punto-de-encuentro tag-referentes\" role=\"listitem\">\n\t\t\t\t<a class=\"elementor-post__thumbnail__link\" href=\"https:\/\/www.logisticsautomationmadrid.com\/es\/2026\/04\/09\/sistemas-hibridos-automatizacion-y-robotica-en-intralogistica\/\" tabindex=\"-1\" target=&quot;_blank&quot;>\n\t\t\t<div class=\"elementor-post__thumbnail\"><img decoding=\"async\" width=\"300\" height=\"200\" src=\"https:\/\/easyfairsassets.com\/sites\/84\/2026\/04\/noticia-1-300x200.png\" class=\"attachment-medium size-medium wp-image-210279\" alt=\"Sistemas h\u00edbridos: automatizaci\u00f3n y rob\u00f3tica en intralog\u00edstica\" srcset=\"https:\/\/easyfairsassets.com\/sites\/84\/2026\/04\/noticia-1-300x200.png 300w, https:\/\/easyfairsassets.com\/sites\/84\/2026\/04\/noticia-1-1024x682.png 1024w, https:\/\/easyfairsassets.com\/sites\/84\/2026\/04\/noticia-1-768x512.png 768w, https:\/\/easyfairsassets.com\/sites\/84\/2026\/04\/noticia-1.png 1250w\" sizes=\"(max-width: 300px) 100vw, 300px\" \/><\/div>\n\t\t<\/a>\n\t\t\t\t<div class=\"elementor-post__text\">\n\t\t\t\t<h3 class=\"elementor-post__title\">\n\t\t\t<a href=\"https:\/\/www.logisticsautomationmadrid.com\/es\/2026\/04\/09\/sistemas-hibridos-automatizacion-y-robotica-en-intralogistica\/\" target=&quot;_blank&quot;>\n\t\t\t\tSistemas h\u00edbridos: automatizaci\u00f3n y rob\u00f3tica en intralog\u00edstica\t\t\t<\/a>\n\t\t<\/h3>\n\t\t\t\t<div class=\"elementor-post__excerpt\">\n\t\t\t\t\t<\/div>\n\t\t\t\t<\/div>\n\t\t\t\t<\/article>\n\t\t\t\t<article class=\"elementor-post elementor-grid-item post-210266 post type-post status-publish format-standard has-post-thumbnail hentry category-blog category-ia-trazabilidad-seguridad category-logistica-intralogistica-almacenamiento category-logtalent category-robotica-automatizacion category-sostenibilidad-greenlogistics category-transport-delivery tag-16-de-febrero tag-16-febrero tag-dia-logistica tag-dia-mundial-de-la-logistica tag-dia-mundial-logistica tag-espana tag-ferias tag-internacionalizacion tag-logistica tag-logistics-automation tag-punto-de-encuentro tag-referentes\" role=\"listitem\">\n\t\t\t\t<a class=\"elementor-post__thumbnail__link\" href=\"https:\/\/www.logisticsautomationmadrid.com\/es\/2026\/04\/08\/el-transporte-advierte-del-riesgo-de-desabastecimiento-y-perdida-de-rentabilidad-ante-la-implantacion-de-las-44-toneladas\/\" tabindex=\"-1\" target=&quot;_blank&quot;>\n\t\t\t<div class=\"elementor-post__thumbnail\"><img loading=\"lazy\" decoding=\"async\" width=\"300\" height=\"200\" src=\"https:\/\/easyfairsassets.com\/sites\/84\/2026\/04\/noticia-300x200.png\" class=\"attachment-medium size-medium wp-image-210269\" alt=\"noticia\" srcset=\"https:\/\/easyfairsassets.com\/sites\/84\/2026\/04\/noticia-300x200.png 300w, https:\/\/easyfairsassets.com\/sites\/84\/2026\/04\/noticia-1024x682.png 1024w, https:\/\/easyfairsassets.com\/sites\/84\/2026\/04\/noticia-768x512.png 768w, https:\/\/easyfairsassets.com\/sites\/84\/2026\/04\/noticia.png 1250w\" sizes=\"(max-width: 300px) 100vw, 300px\" \/><\/div>\n\t\t<\/a>\n\t\t\t\t<div class=\"elementor-post__text\">\n\t\t\t\t<h3 class=\"elementor-post__title\">\n\t\t\t<a href=\"https:\/\/www.logisticsautomationmadrid.com\/es\/2026\/04\/08\/el-transporte-advierte-del-riesgo-de-desabastecimiento-y-perdida-de-rentabilidad-ante-la-implantacion-de-las-44-toneladas\/\" target=&quot;_blank&quot;>\n\t\t\t\tEl transporte advierte del riesgo de desabastecimiento y p\u00e9rdida de rentabilidad ante la implantaci\u00f3n de las 44 toneladas\t\t\t<\/a>\n\t\t<\/h3>\n\t\t\t\t<div class=\"elementor-post__excerpt\">\n\t\t\t\t\t<\/div>\n\t\t\t\t<\/div>\n\t\t\t\t<\/article>\n\t\t\t\t<\/div>\n\t\t\n\t\t\t\t\t\t<\/div>\n\t\t\t\t<\/div>\n\t\t\t\t\t<\/div>\n\t\t<\/div>\n\t\t\t\t<div class=\"elementor-column elementor-col-50 elementor-top-column elementor-element elementor-element-48c6bb3\" data-id=\"48c6bb3\" data-element_type=\"column\">\n\t\t\t<div class=\"elementor-widget-wrap elementor-element-populated\">\n\t\t\t\t\t\t<div class=\"elementor-element elementor-element-848b7e8 elementor-invisible elementor-widget elementor-widget-heading\" data-id=\"848b7e8\" data-element_type=\"widget\" data-settings=\"{&quot;_animation&quot;:&quot;fadeInRight&quot;}\" data-widget_type=\"heading.default\">\n\t\t\t\t<div class=\"elementor-widget-container\">\n\t\t\t\t\t<h2 class=\"elementor-heading-title elementor-size-default\">Inteligencia Artificial, Trazabilidad y seguridad<\/h2>\t\t\t\t<\/div>\n\t\t\t\t<\/div>\n\t\t\t\t<div class=\"elementor-element elementor-element-0897038 elementor-grid-2 elementor-grid-tablet-2 elementor-grid-mobile-1 elementor-posts--thumbnail-top elementor-invisible elementor-widget elementor-widget-posts\" data-id=\"0897038\" data-element_type=\"widget\" data-settings=\"{&quot;classic_columns&quot;:&quot;2&quot;,&quot;_animation&quot;:&quot;fadeInRight&quot;,&quot;classic_columns_tablet&quot;:&quot;2&quot;,&quot;classic_columns_mobile&quot;:&quot;1&quot;,&quot;classic_row_gap&quot;:{&quot;unit&quot;:&quot;px&quot;,&quot;size&quot;:35,&quot;sizes&quot;:[]},&quot;classic_row_gap_tablet&quot;:{&quot;unit&quot;:&quot;px&quot;,&quot;size&quot;:&quot;&quot;,&quot;sizes&quot;:[]},&quot;classic_row_gap_mobile&quot;:{&quot;unit&quot;:&quot;px&quot;,&quot;size&quot;:&quot;&quot;,&quot;sizes&quot;:[]}}\" data-widget_type=\"posts.classic\">\n\t\t\t\t<div class=\"elementor-widget-container\">\n\t\t\t\t\t\t\t<div class=\"elementor-posts-container elementor-posts elementor-posts--skin-classic elementor-grid\" role=\"list\">\n\t\t\t\t<article class=\"elementor-post elementor-grid-item post-209922 post type-post status-publish format-standard has-post-thumbnail hentry category-blog category-ia-trazabilidad-seguridad category-logtalent category-transport-delivery tag-espana tag-femenino tag-ferias tag-internacionalizacion tag-logistica tag-logistics-automation tag-melyt tag-mujer tag-punto-de-encuentro tag-referentes tag-talento tag-transporte\" role=\"listitem\">\n\t\t\t\t<a class=\"elementor-post__thumbnail__link\" href=\"https:\/\/www.logisticsautomationmadrid.com\/es\/2026\/03\/06\/melyt-confebus-se-alian-para-impulsar-el-talento-femenino-en-el-transporte-en-autobus\/\" tabindex=\"-1\" target=&quot;_blank&quot;>\n\t\t\t<div class=\"elementor-post__thumbnail\"><img loading=\"lazy\" decoding=\"async\" width=\"300\" height=\"200\" src=\"https:\/\/easyfairsassets.com\/sites\/84\/2026\/03\/noticia-300x200.png\" class=\"attachment-medium size-medium wp-image-209926\" alt=\"noticia\" srcset=\"https:\/\/easyfairsassets.com\/sites\/84\/2026\/03\/noticia-300x200.png 300w, https:\/\/easyfairsassets.com\/sites\/84\/2026\/03\/noticia-1024x682.png 1024w, https:\/\/easyfairsassets.com\/sites\/84\/2026\/03\/noticia-768x512.png 768w, https:\/\/easyfairsassets.com\/sites\/84\/2026\/03\/noticia.png 1250w\" sizes=\"(max-width: 300px) 100vw, 300px\" \/><\/div>\n\t\t<\/a>\n\t\t\t\t<div class=\"elementor-post__text\">\n\t\t\t\t<h3 class=\"elementor-post__title\">\n\t\t\t<a href=\"https:\/\/www.logisticsautomationmadrid.com\/es\/2026\/03\/06\/melyt-confebus-se-alian-para-impulsar-el-talento-femenino-en-el-transporte-en-autobus\/\" target=&quot;_blank&quot;>\n\t\t\t\tMELYT y CONFEBUS se al\u00edan para impulsar el talento femenino en el transporte en autob\u00fas\t\t\t<\/a>\n\t\t<\/h3>\n\t\t\t\t<div class=\"elementor-post__excerpt\">\n\t\t\t\t\t<\/div>\n\t\t\t\t<\/div>\n\t\t\t\t<\/article>\n\t\t\t\t<article class=\"elementor-post elementor-grid-item post-209897 post type-post status-publish format-standard has-post-thumbnail hentry category-blog category-ia-trazabilidad-seguridad category-logistica-intralogistica-almacenamiento category-logtalent category-robotica-automatizacion category-sostenibilidad-greenlogistics category-transport-delivery tag-16-de-febrero tag-16-febrero tag-dia-logistica tag-dia-mundial-de-la-logistica tag-dia-mundial-logistica tag-espana tag-ferias tag-internacionalizacion tag-logistica tag-logistics-automation tag-punto-de-encuentro tag-referentes\" role=\"listitem\">\n\t\t\t\t<a class=\"elementor-post__thumbnail__link\" href=\"https:\/\/www.logisticsautomationmadrid.com\/es\/2026\/03\/05\/por-tierra-mar-y-aire-el-conflicto-de-oriente-medio-pone-a-prueba-la-logistica\/\" tabindex=\"-1\" target=&quot;_blank&quot;>\n\t\t\t<div class=\"elementor-post__thumbnail\"><img loading=\"lazy\" decoding=\"async\" width=\"300\" height=\"200\" src=\"https:\/\/easyfairsassets.com\/sites\/84\/2026\/03\/noticia-9-300x200.png\" class=\"attachment-medium size-medium wp-image-209900\" alt=\"noticia\" srcset=\"https:\/\/easyfairsassets.com\/sites\/84\/2026\/03\/noticia-9-300x200.png 300w, https:\/\/easyfairsassets.com\/sites\/84\/2026\/03\/noticia-9-1024x682.png 1024w, https:\/\/easyfairsassets.com\/sites\/84\/2026\/03\/noticia-9-768x512.png 768w, https:\/\/easyfairsassets.com\/sites\/84\/2026\/03\/noticia-9.png 1250w\" sizes=\"(max-width: 300px) 100vw, 300px\" \/><\/div>\n\t\t<\/a>\n\t\t\t\t<div class=\"elementor-post__text\">\n\t\t\t\t<h3 class=\"elementor-post__title\">\n\t\t\t<a href=\"https:\/\/www.logisticsautomationmadrid.com\/es\/2026\/03\/05\/por-tierra-mar-y-aire-el-conflicto-de-oriente-medio-pone-a-prueba-la-logistica\/\" target=&quot;_blank&quot;>\n\t\t\t\tPor tierra, mar y aire: el conflicto de Oriente Medio pone a prueba la log\u00edstica.\t\t\t<\/a>\n\t\t<\/h3>\n\t\t\t\t<div class=\"elementor-post__excerpt\">\n\t\t\t\t\t<\/div>\n\t\t\t\t<\/div>\n\t\t\t\t<\/article>\n\t\t\t\t<\/div>\n\t\t\n\t\t\t\t\t\t<\/div>\n\t\t\t\t<\/div>\n\t\t\t\t<div class=\"elementor-element elementor-element-11962b3 elementor-invisible elementor-widget elementor-widget-heading\" data-id=\"11962b3\" data-element_type=\"widget\" data-settings=\"{&quot;_animation&quot;:&quot;fadeInRight&quot;}\" data-widget_type=\"heading.default\">\n\t\t\t\t<div class=\"elementor-widget-container\">\n\t\t\t\t\t<h2 class=\"elementor-heading-title elementor-size-default\">Transport &amp; Delivery<\/h2>\t\t\t\t<\/div>\n\t\t\t\t<\/div>\n\t\t\t\t<div class=\"elementor-element elementor-element-7bb39cc elementor-grid-2 elementor-grid-tablet-2 elementor-grid-mobile-1 elementor-posts--thumbnail-top elementor-invisible elementor-widget elementor-widget-posts\" data-id=\"7bb39cc\" data-element_type=\"widget\" data-settings=\"{&quot;classic_columns&quot;:&quot;2&quot;,&quot;_animation&quot;:&quot;fadeInRight&quot;,&quot;classic_columns_tablet&quot;:&quot;2&quot;,&quot;classic_columns_mobile&quot;:&quot;1&quot;,&quot;classic_row_gap&quot;:{&quot;unit&quot;:&quot;px&quot;,&quot;size&quot;:35,&quot;sizes&quot;:[]},&quot;classic_row_gap_tablet&quot;:{&quot;unit&quot;:&quot;px&quot;,&quot;size&quot;:&quot;&quot;,&quot;sizes&quot;:[]},&quot;classic_row_gap_mobile&quot;:{&quot;unit&quot;:&quot;px&quot;,&quot;size&quot;:&quot;&quot;,&quot;sizes&quot;:[]}}\" data-widget_type=\"posts.classic\">\n\t\t\t\t<div class=\"elementor-widget-container\">\n\t\t\t\t\t\t\t<div class=\"elementor-posts-container elementor-posts elementor-posts--skin-classic elementor-grid\" role=\"list\">\n\t\t\t\t<article class=\"elementor-post elementor-grid-item post-209881 post type-post status-publish format-standard has-post-thumbnail hentry category-blog category-logistica-intralogistica-almacenamiento category-transport-delivery tag-logistica tag-nueva-fase tag-power-ready tag-tension-estructural\" role=\"listitem\">\n\t\t\t\t<a class=\"elementor-post__thumbnail__link\" href=\"https:\/\/www.logisticsautomationmadrid.com\/es\/2026\/03\/05\/la-logistica-en-una-nueva-fase-tension-estructural-y-activos-power-ready\/\" tabindex=\"-1\" target=&quot;_blank&quot;>\n\t\t\t<div class=\"elementor-post__thumbnail\"><img loading=\"lazy\" decoding=\"async\" width=\"300\" height=\"200\" src=\"https:\/\/easyfairsassets.com\/sites\/84\/2026\/03\/noticia-8-300x200.png\" class=\"attachment-medium size-medium wp-image-209884\" alt=\"noticia\" srcset=\"https:\/\/easyfairsassets.com\/sites\/84\/2026\/03\/noticia-8-300x200.png 300w, https:\/\/easyfairsassets.com\/sites\/84\/2026\/03\/noticia-8-1024x682.png 1024w, https:\/\/easyfairsassets.com\/sites\/84\/2026\/03\/noticia-8-768x512.png 768w, https:\/\/easyfairsassets.com\/sites\/84\/2026\/03\/noticia-8.png 1250w\" sizes=\"(max-width: 300px) 100vw, 300px\" \/><\/div>\n\t\t<\/a>\n\t\t\t\t<div class=\"elementor-post__text\">\n\t\t\t\t<h3 class=\"elementor-post__title\">\n\t\t\t<a href=\"https:\/\/www.logisticsautomationmadrid.com\/es\/2026\/03\/05\/la-logistica-en-una-nueva-fase-tension-estructural-y-activos-power-ready\/\" target=&quot;_blank&quot;>\n\t\t\t\tLa log\u00edstica en una nueva fase: Tensi\u00f3n estructural y activos \u201cpower-ready\u201d\t\t\t<\/a>\n\t\t<\/h3>\n\t\t\t\t<div class=\"elementor-post__excerpt\">\n\t\t\t\t\t<\/div>\n\t\t\t\t<\/div>\n\t\t\t\t<\/article>\n\t\t\t\t<article class=\"elementor-post elementor-grid-item post-209848 post type-post status-publish format-standard has-post-thumbnail hentry category-blog category-ia-trazabilidad-seguridad category-logistica-intralogistica-almacenamiento category-logtalent category-robotica-automatizacion category-sostenibilidad-greenlogistics category-transport-delivery tag-decisiones-del-cargador tag-eduardo-cornago tag-logistics-automation\" role=\"listitem\">\n\t\t\t\t<a class=\"elementor-post__thumbnail__link\" href=\"https:\/\/www.logisticsautomationmadrid.com\/es\/2026\/03\/04\/el-flete-a-examen-hacia-donde-navega-el-ahorro\/\" tabindex=\"-1\" target=&quot;_blank&quot;>\n\t\t\t<div class=\"elementor-post__thumbnail\"><img loading=\"lazy\" decoding=\"async\" width=\"300\" height=\"200\" src=\"https:\/\/easyfairsassets.com\/sites\/84\/2026\/03\/noticia-6-300x200.png\" class=\"attachment-medium size-medium wp-image-209853\" alt=\"decisiones del cargador\" srcset=\"https:\/\/easyfairsassets.com\/sites\/84\/2026\/03\/noticia-6-300x200.png 300w, https:\/\/easyfairsassets.com\/sites\/84\/2026\/03\/noticia-6-1024x682.png 1024w, https:\/\/easyfairsassets.com\/sites\/84\/2026\/03\/noticia-6-768x512.png 768w, https:\/\/easyfairsassets.com\/sites\/84\/2026\/03\/noticia-6.png 1250w\" sizes=\"(max-width: 300px) 100vw, 300px\" \/><\/div>\n\t\t<\/a>\n\t\t\t\t<div class=\"elementor-post__text\">\n\t\t\t\t<h3 class=\"elementor-post__title\">\n\t\t\t<a href=\"https:\/\/www.logisticsautomationmadrid.com\/es\/2026\/03\/04\/el-flete-a-examen-hacia-donde-navega-el-ahorro\/\" target=&quot;_blank&quot;>\n\t\t\t\tEl Flete a Examen: \u00bfHacia d\u00f3nde navega el ahorro?\t\t\t<\/a>\n\t\t<\/h3>\n\t\t\t\t<div class=\"elementor-post__excerpt\">\n\t\t\t\t\t<\/div>\n\t\t\t\t<\/div>\n\t\t\t\t<\/article>\n\t\t\t\t<\/div>\n\t\t\n\t\t\t\t\t\t<\/div>\n\t\t\t\t<\/div>\n\t\t\t\t\t<\/div>\n\t\t<\/div>\n\t\t\t\t\t<\/div>\n\t\t<\/section>\n\t\t\t\t<section class=\"elementor-section elementor-top-section elementor-element elementor-element-477576f elementor-section-boxed elementor-section-height-default elementor-section-height-default\" data-id=\"477576f\" data-element_type=\"section\" data-settings=\"{&quot;background_background&quot;:&quot;classic&quot;}\">\n\t\t\t\t\t\t\t<div class=\"elementor-background-overlay\"><\/div>\n\t\t\t\t\t\t\t<div class=\"elementor-container elementor-column-gap-default\">\n\t\t\t\t\t<div class=\"elementor-column elementor-col-100 elementor-top-column elementor-element elementor-element-16c9b90\" data-id=\"16c9b90\" data-element_type=\"column\">\n\t\t\t<div class=\"elementor-widget-wrap elementor-element-populated\">\n\t\t\t\t\t\t<div class=\"elementor-element elementor-element-a46e3de elementor-invisible elementor-widget elementor-widget-heading\" data-id=\"a46e3de\" data-element_type=\"widget\" data-settings=\"{&quot;_animation&quot;:&quot;fadeInRight&quot;}\" data-widget_type=\"heading.default\">\n\t\t\t\t<div class=\"elementor-widget-container\">\n\t\t\t\t\t<h2 class=\"elementor-heading-title elementor-size-default\">Notas de prensa<\/h2>\t\t\t\t<\/div>\n\t\t\t\t<\/div>\n\t\t\t\t<div class=\"elementor-element elementor-element-2c5d4f3 elementor-grid-2 elementor-grid-tablet-2 elementor-grid-mobile-1 elementor-posts--thumbnail-top elementor-invisible elementor-widget elementor-widget-posts\" data-id=\"2c5d4f3\" data-element_type=\"widget\" data-settings=\"{&quot;classic_columns&quot;:&quot;2&quot;,&quot;_animation&quot;:&quot;fadeInRight&quot;,&quot;classic_columns_tablet&quot;:&quot;2&quot;,&quot;classic_columns_mobile&quot;:&quot;1&quot;,&quot;classic_row_gap&quot;:{&quot;unit&quot;:&quot;px&quot;,&quot;size&quot;:35,&quot;sizes&quot;:[]},&quot;classic_row_gap_tablet&quot;:{&quot;unit&quot;:&quot;px&quot;,&quot;size&quot;:&quot;&quot;,&quot;sizes&quot;:[]},&quot;classic_row_gap_mobile&quot;:{&quot;unit&quot;:&quot;px&quot;,&quot;size&quot;:&quot;&quot;,&quot;sizes&quot;:[]}}\" data-widget_type=\"posts.classic\">\n\t\t\t\t<div class=\"elementor-widget-container\">\n\t\t\t\t\t\t\t<div class=\"elementor-posts-container elementor-posts elementor-posts--skin-classic elementor-grid\" role=\"list\">\n\t\t\t\t<article class=\"elementor-post elementor-grid-item post-209478 post type-post status-publish format-standard has-post-thumbnail hentry category-blog category-notas-de-prensa tag-2992 tag-afe tag-asamblea-anual tag-espana tag-ferias\" role=\"listitem\">\n\t\t\t\t<a class=\"elementor-post__thumbnail__link\" href=\"https:\/\/www.logisticsautomationmadrid.com\/es\/2026\/01\/23\/la-afe-aprueba-sus-cuentas-y-memoria-en-su-asamblea-anual-vaticinando-un-fantastico-ejercicio-2026-para-el-sector-ferial-espanol\/\" tabindex=\"-1\" target=&quot;_blank&quot;>\n\t\t\t<div class=\"elementor-post__thumbnail\"><img loading=\"lazy\" decoding=\"async\" width=\"300\" height=\"225\" src=\"https:\/\/easyfairsassets.com\/sites\/84\/2026\/01\/Asamblea-General-AFE-2026-1-300x225.jpeg\" class=\"attachment-medium size-medium wp-image-209484\" alt=\"Asamblea General AFE 2026 (1)\" srcset=\"https:\/\/easyfairsassets.com\/sites\/84\/2026\/01\/Asamblea-General-AFE-2026-1-300x225.jpeg 300w, https:\/\/easyfairsassets.com\/sites\/84\/2026\/01\/Asamblea-General-AFE-2026-1-1024x768.jpeg 1024w, https:\/\/easyfairsassets.com\/sites\/84\/2026\/01\/Asamblea-General-AFE-2026-1-768x576.jpeg 768w, https:\/\/easyfairsassets.com\/sites\/84\/2026\/01\/Asamblea-General-AFE-2026-1-1536x1152.jpeg 1536w, https:\/\/easyfairsassets.com\/sites\/84\/2026\/01\/Asamblea-General-AFE-2026-1.jpeg 1920w\" sizes=\"(max-width: 300px) 100vw, 300px\" \/><\/div>\n\t\t<\/a>\n\t\t\t\t<div class=\"elementor-post__text\">\n\t\t\t\t<h3 class=\"elementor-post__title\">\n\t\t\t<a href=\"https:\/\/www.logisticsautomationmadrid.com\/es\/2026\/01\/23\/la-afe-aprueba-sus-cuentas-y-memoria-en-su-asamblea-anual-vaticinando-un-fantastico-ejercicio-2026-para-el-sector-ferial-espanol\/\" target=&quot;_blank&quot;>\n\t\t\t\tLa AFE aprueba sus cuentas y memoria en su Asamblea anual vaticinando un fant\u00e1stico ejercicio 2026 para el sector ferial espa\u00f1ol\t\t\t<\/a>\n\t\t<\/h3>\n\t\t\t\t<div class=\"elementor-post__meta-data\">\n\t\t\t\t\t<span class=\"elementor-post-date\">\n\t\t\tenero 23, 2026\t\t<\/span>\n\t\t\t\t<\/div>\n\t\t\t\t<div class=\"elementor-post__excerpt\">\n\t\t\t\t\t<\/div>\n\t\t\n\t\t<a class=\"elementor-post__read-more\" href=\"https:\/\/www.logisticsautomationmadrid.com\/es\/2026\/01\/23\/la-afe-aprueba-sus-cuentas-y-memoria-en-su-asamblea-anual-vaticinando-un-fantastico-ejercicio-2026-para-el-sector-ferial-espanol\/\" aria-label=\"Read more about La AFE aprueba sus cuentas y memoria en su Asamblea anual vaticinando un fant\u00e1stico ejercicio 2026 para el sector ferial espa\u00f1ol\" tabindex=\"-1\" target=\"_blank\">\n\t\t\tRead More \u00bb\t\t<\/a>\n\n\t\t\t\t<\/div>\n\t\t\t\t<\/article>\n\t\t\t\t<article class=\"elementor-post elementor-grid-item post-206557 post type-post status-publish format-standard hentry category-notas-de-prensa tag-edicion-2025 tag-esg tag-ferias tag-logistics-automation tag-marcas tag-ponentes\" role=\"listitem\">\n\t\t\t\t<div class=\"elementor-post__text\">\n\t\t\t\t<h3 class=\"elementor-post__title\">\n\t\t\t<a href=\"https:\/\/www.logisticsautomationmadrid.com\/es\/2025\/10\/22\/el-concurso-de-carretilleros-y-marcas-corona-a-su-tricampeon\/\" target=&quot;_blank&quot;>\n\t\t\t\tEl Concurso de Carretilleros y Marcas corona a su tricampe\u00f3n\t\t\t<\/a>\n\t\t<\/h3>\n\t\t\t\t<div class=\"elementor-post__meta-data\">\n\t\t\t\t\t<span class=\"elementor-post-date\">\n\t\t\toctubre 22, 2025\t\t<\/span>\n\t\t\t\t<\/div>\n\t\t\t\t<div class=\"elementor-post__excerpt\">\n\t\t\t\t\t<\/div>\n\t\t\n\t\t<a class=\"elementor-post__read-more\" href=\"https:\/\/www.logisticsautomationmadrid.com\/es\/2025\/10\/22\/el-concurso-de-carretilleros-y-marcas-corona-a-su-tricampeon\/\" aria-label=\"Read more about El Concurso de Carretilleros y Marcas corona a su tricampe\u00f3n\" tabindex=\"-1\" target=\"_blank\">\n\t\t\tRead More \u00bb\t\t<\/a>\n\n\t\t\t\t<\/div>\n\t\t\t\t<\/article>\n\t\t\t\t<article class=\"elementor-post elementor-grid-item post-206301 post type-post status-publish format-standard hentry category-notas-de-prensa tag-edicion-2025 tag-esg tag-ferias tag-logistics-automation tag-marcas tag-ponentes\" role=\"listitem\">\n\t\t\t\t<div class=\"elementor-post__text\">\n\t\t\t\t<h3 class=\"elementor-post__title\">\n\t\t\t<a href=\"https:\/\/www.logisticsautomationmadrid.com\/es\/2025\/10\/20\/empack-logistics-automation-y-logistics-industrial-build-reciben-a-12-200-visitantes-unicos-en-una-edicion-de-record\/\" target=&quot;_blank&quot;>\n\t\t\t\tEmpack, Logistics &amp; Automation y Logistic &amp; Industrial Build reciben a 12.200 visitantes \u00fanicos en una edici\u00f3n de r\u00e9cord\t\t\t<\/a>\n\t\t<\/h3>\n\t\t\t\t<div class=\"elementor-post__meta-data\">\n\t\t\t\t\t<span class=\"elementor-post-date\">\n\t\t\toctubre 20, 2025\t\t<\/span>\n\t\t\t\t<\/div>\n\t\t\t\t<div class=\"elementor-post__excerpt\">\n\t\t\t\t\t<\/div>\n\t\t\n\t\t<a class=\"elementor-post__read-more\" href=\"https:\/\/www.logisticsautomationmadrid.com\/es\/2025\/10\/20\/empack-logistics-automation-y-logistics-industrial-build-reciben-a-12-200-visitantes-unicos-en-una-edicion-de-record\/\" aria-label=\"Read more about Empack, Logistics &amp; Automation y Logistic &amp; Industrial Build reciben a 12.200 visitantes \u00fanicos en una edici\u00f3n de r\u00e9cord\" tabindex=\"-1\" target=\"_blank\">\n\t\t\tRead More \u00bb\t\t<\/a>\n\n\t\t\t\t<\/div>\n\t\t\t\t<\/article>\n\t\t\t\t<article class=\"elementor-post elementor-grid-item post-205173 post type-post status-publish format-standard hentry category-notas-de-prensa tag-congreso tag-edicion-2025 tag-esg tag-ferias tag-logistics-automation tag-marcas tag-ponentes\" role=\"listitem\">\n\t\t\t\t<div class=\"elementor-post__text\">\n\t\t\t\t<h3 class=\"elementor-post__title\">\n\t\t\t<a href=\"https:\/\/www.logisticsautomationmadrid.com\/es\/2025\/09\/17\/empack-logistics-automation-y-lib-2025-presentan-un-congreso-lleno-de-innovacion-grandes-expertos-y-oportunidades-de-negocio\/\" target=&quot;_blank&quot;>\n\t\t\t\tEmpack, Logistics &#038; Automation y LIB 2025 presentan un congreso lleno de innovaci\u00f3n, grandes expertos y oportunidades de negocio\t\t\t<\/a>\n\t\t<\/h3>\n\t\t\t\t<div class=\"elementor-post__meta-data\">\n\t\t\t\t\t<span class=\"elementor-post-date\">\n\t\t\tseptiembre 17, 2025\t\t<\/span>\n\t\t\t\t<\/div>\n\t\t\t\t<div class=\"elementor-post__excerpt\">\n\t\t\t\t\t<\/div>\n\t\t\n\t\t<a class=\"elementor-post__read-more\" href=\"https:\/\/www.logisticsautomationmadrid.com\/es\/2025\/09\/17\/empack-logistics-automation-y-lib-2025-presentan-un-congreso-lleno-de-innovacion-grandes-expertos-y-oportunidades-de-negocio\/\" aria-label=\"Read more about Empack, Logistics &#038; Automation y LIB 2025 presentan un congreso lleno de innovaci\u00f3n, grandes expertos y oportunidades de negocio\" tabindex=\"-1\" target=\"_blank\">\n\t\t\tRead More \u00bb\t\t<\/a>\n\n\t\t\t\t<\/div>\n\t\t\t\t<\/article>\n\t\t\t\t<\/div>\n\t\t\n\t\t\t\t\t\t<\/div>\n\t\t\t\t<\/div>\n\t\t\t\t\t<\/div>\n\t\t<\/div>\n\t\t\t\t\t<\/div>\n\t\t<\/section>\n\t\t\t\t<section class=\"elementor-section elementor-top-section elementor-element elementor-element-415d80f elementor-section-boxed elementor-section-height-default elementor-section-height-default\" data-id=\"415d80f\" data-element_type=\"section\" data-settings=\"{&quot;background_background&quot;:&quot;classic&quot;}\">\n\t\t\t\t\t\t\t<div class=\"elementor-background-overlay\"><\/div>\n\t\t\t\t\t\t\t<div class=\"elementor-container elementor-column-gap-default\">\n\t\t\t\t\t<div class=\"elementor-column elementor-col-100 elementor-top-column elementor-element elementor-element-d1a0bbc\" data-id=\"d1a0bbc\" data-element_type=\"column\">\n\t\t\t<div class=\"elementor-widget-wrap elementor-element-populated\">\n\t\t\t\t\t\t<div class=\"elementor-element elementor-element-c9214ab elementor-invisible elementor-widget elementor-widget-heading\" data-id=\"c9214ab\" data-element_type=\"widget\" data-settings=\"{&quot;_animation&quot;:&quot;fadeInRight&quot;}\" data-widget_type=\"heading.default\">\n\t\t\t\t<div class=\"elementor-widget-container\">\n\t\t\t\t\t<h2 class=\"elementor-heading-title elementor-size-default\">Entrevistas con expertos <\/h2>\t\t\t\t<\/div>\n\t\t\t\t<\/div>\n\t\t\t\t<div class=\"elementor-element elementor-element-677856f elementor-grid-5 elementor-grid-tablet-2 elementor-grid-mobile-1 elementor-posts--thumbnail-top elementor-invisible elementor-widget elementor-widget-posts\" data-id=\"677856f\" data-element_type=\"widget\" data-settings=\"{&quot;classic_columns&quot;:&quot;5&quot;,&quot;_animation&quot;:&quot;fadeInRight&quot;,&quot;classic_columns_tablet&quot;:&quot;2&quot;,&quot;classic_columns_mobile&quot;:&quot;1&quot;,&quot;classic_row_gap&quot;:{&quot;unit&quot;:&quot;px&quot;,&quot;size&quot;:35,&quot;sizes&quot;:[]},&quot;classic_row_gap_tablet&quot;:{&quot;unit&quot;:&quot;px&quot;,&quot;size&quot;:&quot;&quot;,&quot;sizes&quot;:[]},&quot;classic_row_gap_mobile&quot;:{&quot;unit&quot;:&quot;px&quot;,&quot;size&quot;:&quot;&quot;,&quot;sizes&quot;:[]}}\" data-widget_type=\"posts.classic\">\n\t\t\t\t<div class=\"elementor-widget-container\">\n\t\t\t\t\t\t\t<div class=\"elementor-posts-container elementor-posts elementor-posts--skin-classic elementor-grid\" role=\"list\">\n\t\t\t\t<article class=\"elementor-post elementor-grid-item post-210252 post type-post status-publish format-standard has-post-thumbnail hentry category-un-cafe-con tag-cafe-con tag-eduardo-cornago tag-entrevista tag-experiencia tag-gin tag-puerto-de-indias\" role=\"listitem\">\n\t\t\t\t<a class=\"elementor-post__thumbnail__link\" href=\"https:\/\/www.logisticsautomationmadrid.com\/es\/2026\/04\/08\/un-cafe-con-sofia-de-castro-fernandes-autora-fundadora-y-ceo-de-as-nove-y-keynote-speaker-de-empack-e-logistics-automation-porto-2026\/\" tabindex=\"-1\" target=&quot;_blank&quot;>\n\t\t\t<div class=\"elementor-post__thumbnail\"><img loading=\"lazy\" decoding=\"async\" width=\"300\" height=\"200\" src=\"https:\/\/easyfairsassets.com\/sites\/84\/2026\/04\/jj-cafe-log-300x200.png\" class=\"attachment-medium size-medium wp-image-210255\" alt=\"Sofia de Castro Fernandes\" srcset=\"https:\/\/easyfairsassets.com\/sites\/84\/2026\/04\/jj-cafe-log-300x200.png 300w, https:\/\/easyfairsassets.com\/sites\/84\/2026\/04\/jj-cafe-log-1024x682.png 1024w, https:\/\/easyfairsassets.com\/sites\/84\/2026\/04\/jj-cafe-log-768x512.png 768w, https:\/\/easyfairsassets.com\/sites\/84\/2026\/04\/jj-cafe-log.png 1250w\" sizes=\"(max-width: 300px) 100vw, 300px\" \/><\/div>\n\t\t<\/a>\n\t\t\t\t<div class=\"elementor-post__text\">\n\t\t\t\t<h3 class=\"elementor-post__title\">\n\t\t\t<a href=\"https:\/\/www.logisticsautomationmadrid.com\/es\/2026\/04\/08\/un-cafe-con-sofia-de-castro-fernandes-autora-fundadora-y-ceo-de-as-nove-y-keynote-speaker-de-empack-e-logistics-automation-porto-2026\/\" target=&quot;_blank&quot;>\n\t\t\t\tUn caf\u00e9 con Sofia de Castro Fernandes, Autora, fundadora y CEO de \u00c0s nove y Keynote Speaker de Empack e Logistics &amp; Automation Porto 2026\t\t\t<\/a>\n\t\t<\/h3>\n\t\t\t\t<div class=\"elementor-post__meta-data\">\n\t\t\t\t\t<span class=\"elementor-post-date\">\n\t\t\tabril 8, 2026\t\t<\/span>\n\t\t\t\t<\/div>\n\t\t\t\t<div class=\"elementor-post__excerpt\">\n\t\t\t\t\t<\/div>\n\t\t\t\t<\/div>\n\t\t\t\t<\/article>\n\t\t\t\t<article class=\"elementor-post elementor-grid-item post-209826 post type-post status-publish format-standard has-post-thumbnail hentry category-un-cafe-con tag-cafe-con tag-eduardo-cornago tag-entrevista tag-experiencia tag-gin tag-puerto-de-indias\" role=\"listitem\">\n\t\t\t\t<a class=\"elementor-post__thumbnail__link\" href=\"https:\/\/www.logisticsautomationmadrid.com\/es\/2026\/03\/04\/un-cafe-con-eduardo-cornago-egido-director-de-operaciones-en-gin-puerto-de-indias\/\" tabindex=\"-1\" target=&quot;_blank&quot;>\n\t\t\t<div class=\"elementor-post__thumbnail\"><img loading=\"lazy\" decoding=\"async\" width=\"300\" height=\"200\" src=\"https:\/\/easyfairsassets.com\/sites\/84\/2026\/03\/jj-cafe-log-2-300x200.png\" class=\"attachment-medium size-medium wp-image-209829\" alt=\"Un caf\u00e9 con Eduardo Cornago \u00c9gido, Director de Operaciones en Gin Puerto de Indias\" srcset=\"https:\/\/easyfairsassets.com\/sites\/84\/2026\/03\/jj-cafe-log-2-300x200.png 300w, https:\/\/easyfairsassets.com\/sites\/84\/2026\/03\/jj-cafe-log-2-1024x682.png 1024w, https:\/\/easyfairsassets.com\/sites\/84\/2026\/03\/jj-cafe-log-2-768x512.png 768w, https:\/\/easyfairsassets.com\/sites\/84\/2026\/03\/jj-cafe-log-2.png 1250w\" sizes=\"(max-width: 300px) 100vw, 300px\" \/><\/div>\n\t\t<\/a>\n\t\t\t\t<div class=\"elementor-post__text\">\n\t\t\t\t<h3 class=\"elementor-post__title\">\n\t\t\t<a href=\"https:\/\/www.logisticsautomationmadrid.com\/es\/2026\/03\/04\/un-cafe-con-eduardo-cornago-egido-director-de-operaciones-en-gin-puerto-de-indias\/\" target=&quot;_blank&quot;>\n\t\t\t\tUn caf\u00e9 con Eduardo Cornago \u00c9gido, Director de Operaciones en Gin Puerto de Indias\t\t\t<\/a>\n\t\t<\/h3>\n\t\t\t\t<div class=\"elementor-post__meta-data\">\n\t\t\t\t\t<span class=\"elementor-post-date\">\n\t\t\tmarzo 4, 2026\t\t<\/span>\n\t\t\t\t<\/div>\n\t\t\t\t<div class=\"elementor-post__excerpt\">\n\t\t\t\t\t<\/div>\n\t\t\t\t<\/div>\n\t\t\t\t<\/article>\n\t\t\t\t<article class=\"elementor-post elementor-grid-item post-209507 post type-post status-publish format-standard has-post-thumbnail hentry category-un-cafe-con tag-alcampo tag-cafe-con tag-experiencia tag-ferias tag-logistics-and-automation tag-supply-chain\" role=\"listitem\">\n\t\t\t\t<a class=\"elementor-post__thumbnail__link\" href=\"https:\/\/www.logisticsautomationmadrid.com\/es\/2026\/02\/02\/un-cafe-con-jose-ramon-barca-supply-chain-director-de-alcampo\/\" tabindex=\"-1\" target=&quot;_blank&quot;>\n\t\t\t<div class=\"elementor-post__thumbnail\"><img loading=\"lazy\" decoding=\"async\" width=\"300\" height=\"200\" src=\"https:\/\/easyfairsassets.com\/sites\/84\/2026\/02\/jj-cafe-log-alcampo-300x200.png\" class=\"attachment-medium size-medium wp-image-209517\" alt=\"jj cafe log alcampo\" srcset=\"https:\/\/easyfairsassets.com\/sites\/84\/2026\/02\/jj-cafe-log-alcampo-300x200.png 300w, https:\/\/easyfairsassets.com\/sites\/84\/2026\/02\/jj-cafe-log-alcampo-1024x682.png 1024w, https:\/\/easyfairsassets.com\/sites\/84\/2026\/02\/jj-cafe-log-alcampo-768x512.png 768w, https:\/\/easyfairsassets.com\/sites\/84\/2026\/02\/jj-cafe-log-alcampo.png 1250w\" sizes=\"(max-width: 300px) 100vw, 300px\" \/><\/div>\n\t\t<\/a>\n\t\t\t\t<div class=\"elementor-post__text\">\n\t\t\t\t<h3 class=\"elementor-post__title\">\n\t\t\t<a href=\"https:\/\/www.logisticsautomationmadrid.com\/es\/2026\/02\/02\/un-cafe-con-jose-ramon-barca-supply-chain-director-de-alcampo\/\" target=&quot;_blank&quot;>\n\t\t\t\tUn caf\u00e9 con Jos\u00e9 Ram\u00f3n Barca, Supply Chain Director de Alcampo\t\t\t<\/a>\n\t\t<\/h3>\n\t\t\t\t<div class=\"elementor-post__meta-data\">\n\t\t\t\t\t<span class=\"elementor-post-date\">\n\t\t\tfebrero 2, 2026\t\t<\/span>\n\t\t\t\t<\/div>\n\t\t\t\t<div class=\"elementor-post__excerpt\">\n\t\t\t\t\t<\/div>\n\t\t\t\t<\/div>\n\t\t\t\t<\/article>\n\t\t\t\t<article class=\"elementor-post elementor-grid-item post-209105 post type-post status-publish format-standard has-post-thumbnail hentry category-un-cafe-con tag-cafe-con tag-deoleo tag-experiencia tag-ferias tag-logistics-and-automation-2025 tag-nieves tag-sostenibilidad\" role=\"listitem\">\n\t\t\t\t<a class=\"elementor-post__thumbnail__link\" href=\"https:\/\/www.logisticsautomationmadrid.com\/es\/2026\/01\/02\/un-cafe-con-nieves-ocana-responsable-de-compras-global-en-deoleo\/\" tabindex=\"-1\" target=&quot;_blank&quot;>\n\t\t\t<div class=\"elementor-post__thumbnail\"><img loading=\"lazy\" decoding=\"async\" width=\"300\" height=\"200\" src=\"https:\/\/easyfairsassets.com\/sites\/84\/2026\/01\/jj-cafe-log-300x200.png\" class=\"attachment-medium size-medium wp-image-209106\" alt=\"Nieves, DEOLEO\" srcset=\"https:\/\/easyfairsassets.com\/sites\/84\/2026\/01\/jj-cafe-log-300x200.png 300w, https:\/\/easyfairsassets.com\/sites\/84\/2026\/01\/jj-cafe-log-1024x682.png 1024w, https:\/\/easyfairsassets.com\/sites\/84\/2026\/01\/jj-cafe-log-768x512.png 768w, https:\/\/easyfairsassets.com\/sites\/84\/2026\/01\/jj-cafe-log.png 1250w\" sizes=\"(max-width: 300px) 100vw, 300px\" \/><\/div>\n\t\t<\/a>\n\t\t\t\t<div class=\"elementor-post__text\">\n\t\t\t\t<h3 class=\"elementor-post__title\">\n\t\t\t<a href=\"https:\/\/www.logisticsautomationmadrid.com\/es\/2026\/01\/02\/un-cafe-con-nieves-ocana-responsable-de-compras-global-en-deoleo\/\" target=&quot;_blank&quot;>\n\t\t\t\tUn caf\u00e9 con Nieves Oca\u00f1a, Manager de Compras de Materiales Auxiliares de Deoleo\t\t\t<\/a>\n\t\t<\/h3>\n\t\t\t\t<div class=\"elementor-post__meta-data\">\n\t\t\t\t\t<span class=\"elementor-post-date\">\n\t\t\tenero 2, 2026\t\t<\/span>\n\t\t\t\t<\/div>\n\t\t\t\t<div class=\"elementor-post__excerpt\">\n\t\t\t\t\t<\/div>\n\t\t\t\t<\/div>\n\t\t\t\t<\/article>\n\t\t\t\t<article class=\"elementor-post elementor-grid-item post-208728 post type-post status-publish format-standard has-post-thumbnail hentry category-un-cafe-con tag-bonduelle tag-entrevista tag-juan-casabella tag-logistics-supply tag-logistics-supply-chain tag-supply-chain\" role=\"listitem\">\n\t\t\t\t<a class=\"elementor-post__thumbnail__link\" href=\"https:\/\/www.logisticsautomationmadrid.com\/es\/2025\/12\/02\/un-cafe-connuma-pompilio-logistics-civil-works-manager-discipline-technical-authority-en-repsol\/\" tabindex=\"-1\" target=&quot;_blank&quot;>\n\t\t\t<div class=\"elementor-post__thumbnail\"><img loading=\"lazy\" decoding=\"async\" width=\"300\" height=\"200\" src=\"https:\/\/easyfairsassets.com\/sites\/84\/2025\/12\/jj-cafe-log-1-300x200.png\" class=\"attachment-medium size-medium wp-image-208731\" alt=\"repsol cafe log (1)\" srcset=\"https:\/\/easyfairsassets.com\/sites\/84\/2025\/12\/jj-cafe-log-1-300x200.png 300w, https:\/\/easyfairsassets.com\/sites\/84\/2025\/12\/jj-cafe-log-1-1024x682.png 1024w, https:\/\/easyfairsassets.com\/sites\/84\/2025\/12\/jj-cafe-log-1-768x512.png 768w, https:\/\/easyfairsassets.com\/sites\/84\/2025\/12\/jj-cafe-log-1.png 1250w\" sizes=\"(max-width: 300px) 100vw, 300px\" \/><\/div>\n\t\t<\/a>\n\t\t\t\t<div class=\"elementor-post__text\">\n\t\t\t\t<h3 class=\"elementor-post__title\">\n\t\t\t<a href=\"https:\/\/www.logisticsautomationmadrid.com\/es\/2025\/12\/02\/un-cafe-connuma-pompilio-logistics-civil-works-manager-discipline-technical-authority-en-repsol\/\" target=&quot;_blank&quot;>\n\t\t\t\tUn caf\u00e9 con\u2026NUMA-POMPILIO, Logistics &amp; Civil Works Manager &amp; Discipline Technical Authority en REPSOL\t\t\t<\/a>\n\t\t<\/h3>\n\t\t\t\t<div class=\"elementor-post__meta-data\">\n\t\t\t\t\t<span class=\"elementor-post-date\">\n\t\t\tdiciembre 2, 2025\t\t<\/span>\n\t\t\t\t<\/div>\n\t\t\t\t<div class=\"elementor-post__excerpt\">\n\t\t\t\t\t<\/div>\n\t\t\t\t<\/div>\n\t\t\t\t<\/article>\n\t\t\t\t<\/div>\n\t\t\n\t\t\t\t\t\t<\/div>\n\t\t\t\t<\/div>\n\t\t\t\t\t<\/div>\n\t\t<\/div>\n\t\t\t\t\t<\/div>\n\t\t<\/section>\n\t\t\t\t<section class=\"elementor-section elementor-top-section elementor-element elementor-element-9cfe6cb elementor-section-boxed elementor-section-height-default elementor-section-height-default\" data-id=\"9cfe6cb\" data-element_type=\"section\" data-settings=\"{&quot;background_background&quot;:&quot;classic&quot;}\">\n\t\t\t\t\t\t\t<div class=\"elementor-background-overlay\"><\/div>\n\t\t\t\t\t\t\t<div class=\"elementor-container elementor-column-gap-default\">\n\t\t\t\t\t<div class=\"elementor-column elementor-col-100 elementor-top-column elementor-element elementor-element-d35d5ba\" data-id=\"d35d5ba\" data-element_type=\"column\">\n\t\t\t<div class=\"elementor-widget-wrap elementor-element-populated\">\n\t\t\t\t\t\t<div class=\"elementor-element elementor-element-9eae51e elementor-invisible elementor-widget elementor-widget-heading\" data-id=\"9eae51e\" data-element_type=\"widget\" data-settings=\"{&quot;_animation&quot;:&quot;fadeInRight&quot;}\" data-widget_type=\"heading.default\">\n\t\t\t\t<div class=\"elementor-widget-container\">\n\t\t\t\t\t<h3 class=\"elementor-heading-title elementor-size-default\">\u00danete a la comunidad Logistics &amp; Automation<\/h3>\t\t\t\t<\/div>\n\t\t\t\t<\/div>\n\t\t\t\t<div class=\"elementor-element elementor-element-cb17cb1 elementor-shape-rounded elementor-grid-0 e-grid-align-center elementor-widget elementor-widget-social-icons\" data-id=\"cb17cb1\" data-element_type=\"widget\" data-widget_type=\"social-icons.default\">\n\t\t\t\t<div class=\"elementor-widget-container\">\n\t\t\t\t\t\t\t<div class=\"elementor-social-icons-wrapper elementor-grid\" role=\"list\">\n\t\t\t\t\t\t\t<span class=\"elementor-grid-item\" role=\"listitem\">\n\t\t\t\t\t<a class=\"elementor-icon elementor-social-icon elementor-social-icon-facebook elementor-repeater-item-83f4849\" href=\"https:\/\/www.facebook.com\/LogisticsAutomationSpain\" target=\"_blank\">\n\t\t\t\t\t\t<span class=\"elementor-screen-only\">Facebook<\/span>\n\t\t\t\t\t\t<i aria-hidden=\"true\" class=\"fab fa-facebook\"><\/i>\t\t\t\t\t<\/a>\n\t\t\t\t<\/span>\n\t\t\t\t\t\t\t<span class=\"elementor-grid-item\" role=\"listitem\">\n\t\t\t\t\t<a class=\"elementor-icon elementor-social-icon elementor-social-icon-twitter elementor-repeater-item-893e658\" href=\"https:\/\/twitter.com\/LogisticsSpain\" target=\"_blank\">\n\t\t\t\t\t\t<span class=\"elementor-screen-only\">Twitter<\/span>\n\t\t\t\t\t\t<i aria-hidden=\"true\" class=\"fab fa-twitter\"><\/i>\t\t\t\t\t<\/a>\n\t\t\t\t<\/span>\n\t\t\t\t\t\t\t<span class=\"elementor-grid-item\" role=\"listitem\">\n\t\t\t\t\t<a class=\"elementor-icon elementor-social-icon elementor-social-icon-linkedin elementor-repeater-item-87e3fd2\" href=\"https:\/\/www.linkedin.com\/company\/logistics-automation-spain\" target=\"_blank\">\n\t\t\t\t\t\t<span class=\"elementor-screen-only\">Linkedin<\/span>\n\t\t\t\t\t\t<i aria-hidden=\"true\" class=\"fab fa-linkedin\"><\/i>\t\t\t\t\t<\/a>\n\t\t\t\t<\/span>\n\t\t\t\t\t<\/div>\n\t\t\t\t\t\t<\/div>\n\t\t\t\t<\/div>\n\t\t\t\t<div class=\"elementor-element elementor-element-eae4f37 elementor-widget elementor-widget-spacer\" data-id=\"eae4f37\" data-element_type=\"widget\" data-widget_type=\"spacer.default\">\n\t\t\t\t<div class=\"elementor-widget-container\">\n\t\t\t\t\t\t\t<div class=\"elementor-spacer\">\n\t\t\t<div class=\"elementor-spacer-inner\"><\/div>\n\t\t<\/div>\n\t\t\t\t\t\t<\/div>\n\t\t\t\t<\/div>\n\t\t\t\t\t<\/div>\n\t\t<\/div>\n\t\t\t\t\t<\/div>\n\t\t<\/section>\n\t\t\t\t<\/div>\n\t\t","protected":false},"excerpt":{"rendered":"<p>\u00c1rea de prensa Somos referentes en captar las tendencias de la industria, adem\u00e1s, cada mes enviamos un recopilatorio de las mejores noticias del sector. Suscr\u00edbete a nuestra newsletter y mantente siempre al d\u00eda. Suscr\u00edbete a la newsletter mensual Log\u00edstica, intralog\u00edstica y almacenamiento Green Logistics Inteligencia Artificial, Trazabilidad y seguridad Transport &amp; Delivery Notas de prensa [&hellip;]<\/p>\n","protected":false},"author":927,"featured_media":0,"parent":0,"menu_order":800,"comment_status":"closed","ping_status":"closed","template":"","meta":{"_seopress_robots_primary_cat":"","_seopress_titles_title":"Content 365 | Logistics & Automation Madrid","_seopress_titles_desc":"En un solo lugar las \u00faltimas noticias del sector, de nuestros expositores, nuevas comunicaciones oficales y nuestros posts del blog Logistics News.","_seopress_robots_index":"","footnotes":""},"class_list":["post-336","page","type-page","status-publish","hentry"],"_links":{"self":[{"href":"https:\/\/www.logisticsautomationmadrid.com\/es\/wp-json\/wp\/v2\/pages\/336","targetHints":{"allow":["GET"]}}],"collection":[{"href":"https:\/\/www.logisticsautomationmadrid.com\/es\/wp-json\/wp\/v2\/pages"}],"about":[{"href":"https:\/\/www.logisticsautomationmadrid.com\/es\/wp-json\/wp\/v2\/types\/page"}],"author":[{"embeddable":true,"href":"https:\/\/www.logisticsautomationmadrid.com\/es\/wp-json\/wp\/v2\/users\/927"}],"replies":[{"embeddable":true,"href":"https:\/\/www.logisticsautomationmadrid.com\/es\/wp-json\/wp\/v2\/comments?post=336"}],"version-history":[{"count":5,"href":"https:\/\/www.logisticsautomationmadrid.com\/es\/wp-json\/wp\/v2\/pages\/336\/revisions"}],"predecessor-version":[{"id":208098,"href":"https:\/\/www.logisticsautomationmadrid.com\/es\/wp-json\/wp\/v2\/pages\/336\/revisions\/208098"}],"wp:attachment":[{"href":"https:\/\/www.logisticsautomationmadrid.com\/es\/wp-json\/wp\/v2\/media?parent=336"}],"curies":[{"name":"wp","href":"https:\/\/api.w.org\/{rel}","templated":true}]}}